{"id":146686,"date":"2024-10-31T09:25:52","date_gmt":"2024-10-31T08:25:52","guid":{"rendered":"https:\/\/www.sp-ps.ch\/en-langage-simplifie-non-a-la-votation-sur-le-financement-des-soins\/"},"modified":"2024-10-31T09:25:56","modified_gmt":"2024-10-31T08:25:56","slug":"en-langage-simplifie-non-a-la-votation-sur-le-financement-des-soins","status":"publish","type":"page","link":"https:\/\/www.sp-ps.ch\/fr\/en-langage-simplifie-non-a-la-votation-sur-le-financement-des-soins\/","title":{"rendered":"En langage simplifi\u00e9 : NON \u00e0 la votation sur le financement des soins"},"content":{"rendered":"\t\t<div data-elementor-type=\"wp-page\" data-elementor-id=\"146686\" class=\"elementor elementor-146686 elementor-146631\" data-elementor-post-type=\"page\">\n\t\t\t\t\t\t<section class=\"elementor-section elementor-top-section elementor-element elementor-element-fe396ee elementor-section-boxed elementor-section-height-default elementor-section-height-default\" data-id=\"fe396ee\" data-element_type=\"section\" data-settings=\"{&quot;jet_parallax_layout_list&quot;:[]}\">\n\t\t\t\t\t\t<div class=\"elementor-container elementor-column-gap-default\">\n\t\t\t\t\t<div class=\"elementor-column elementor-col-100 elementor-top-column elementor-element elementor-element-9192f8b\" data-id=\"9192f8b\" data-element_type=\"column\">\n\t\t\t<div class=\"elementor-widget-wrap elementor-element-populated\">\n\t\t\t\t\t\t<div class=\"elementor-element elementor-element-a3da13a elementor-widget elementor-widget-spps_button_list\" data-id=\"a3da13a\" data-element_type=\"widget\" data-widget_type=\"spps_button_list.default\">\n\t\t\t\t<div class=\"elementor-widget-container\">\n\t\t\t\t\t<div class=\"button-list-wrapper   \"><div class=\"button-list-title\"><h2>En langage simplifi\u00e9 : NON \u00e0 la votation sur le financement des soins<\/h2><\/div><div class=\"button-list-container\"><div class=\"button-list-text\"><p>&nbsp;<\/p>\n<h3>Votation du 24\u00a0novembre\u00a02024<\/h3>\n<p>Le 24\u00a0novembre\u00a02024 la population suisse vote<br \/>sur le financement des soins de sant\u00e9.<\/p>\n<p><strong>Le PS dit NON<\/strong> \u00e0 cette votation. <br \/>PS veut dire Parti socialiste suisse.<\/p>\n<p>&nbsp;<\/p>\n<h3>Qui paie pour les soins aux malades\u00a0?<\/h3>\n<p><strong>Pour les soins stationnaires\u00a0: <br \/><\/strong>Par exemple un s\u00e9jour \u00e0 l\u2019h\u00f4pital.<br \/>La caisse maladie paie une partie et le canton une autre partie.<\/p>\n<p><strong>Pour les soins \u00e0 la maison ou dans un home\u00a0: <br \/><\/strong>La caisse maladie paie une partie et le canton une autre partie.<\/p>\n<p><strong>Pour les soins ambulatoires\u00a0:<\/strong> <br \/>Par exemple une consultation chez le m\u00e9decin.<br \/>La caisse maladie paie.<\/p>\n<p>&nbsp;<\/p>\n<h3>Qu\u2019est-ce qui change avec la votation\u00a0?<\/h3>\n<p>Pour <strong>tous<\/strong> les soins\u00a0: <br \/>La caisse maladie paie une partie et le canton une autre partie.<\/p>\n<p>&nbsp;<\/p>\n<h3>Pourquoi le PS dit NON \u00e0 cette votation\u00a0?<\/h3>\n<ul>\n<li><strong>Les soins aux malades sont moins bons.<\/strong> <br \/>Le personnel soignant a plus de pression. <br \/>Cela veut dire, par exemple\u00a0: <br \/>Le personnel soignant a moins de temps pour chaque malade. <br \/>Le personnel soignant peut moins bien faire son travail. <br \/>Alors, il y a moins de personnes qui veulent faire ce m\u00e9tier.<\/li>\n<li><strong>Les malades doivent payer plus pour les soins \u00e0 l\u2019h\u00f4pital. <br \/><\/strong>La personne qui va \u00e0 l\u2019h\u00f4pital pour un traitement,<br \/>paie plus elle-m\u00eame. <br \/>Par exemple\u00a0: <br \/>Une personne op\u00e9r\u00e9e de l\u2019appendicite risque de payer 400\u00a0francs de plus.<\/li>\n<li><strong>Les primes pour la caisse maladie vont augmenter.<\/strong><\/li>\n<li><strong>Les soci\u00e9t\u00e9s priv\u00e9es vont gagner plus d\u2019argent. <br \/><\/strong>Les soci\u00e9t\u00e9s priv\u00e9es veulent changer le financement des soins. <br \/>Elles vont gagner plus d\u2019argent apr\u00e8s cette votation.<\/li>\n<\/ul>\n<p>&nbsp;<\/p>\n<h3>Que pouvez-vous faire\u00a0?<\/h3>\n<p>Votez <strong>NON<\/strong> \u00e0 la votation sur le financement des frais de sant\u00e9 le 24\u00a0novembre\u00a02024\u00a0!<\/p>\n<p>Sur le bulletin de vote, il est \u00e9crit\u00a0: <br \/>Acceptez-vous la modification du 22\u00a0d\u00e9cembre\u00a02023 de la loi f\u00e9d\u00e9rale sur l\u2019assurance-maladie (LAMal) (financement uniforme des prestations)\u00a0?<\/p>\n<p>\u00c9crivez simplement\u00a0: <strong>NON<\/strong>\u00a0<\/p>\n<\/div><\/div><\/div>\t\t\t\t<\/div>\n\t\t\t\t<\/div>\n\t\t\t\t\t<\/div>\n\t\t<\/div>\n\t\t\t\t\t<\/div>\n\t\t<\/section>\n\t\t\t\t<\/div>\n\t\t","protected":false},"excerpt":{"rendered":"<p>En langage simplifi\u00e9 : NON \u00e0 la votation sur le financement des soins &nbsp; Votation du 24\u00a0novembre\u00a02024 Le 24\u00a0novembre\u00a02024 la population suisse votesur le financement des soins de sant\u00e9. Le [&hellip;]<\/p>\n","protected":false},"author":64,"featured_media":0,"parent":0,"menu_order":0,"comment_status":"closed","ping_status":"closed","template":"","meta":{"footnotes":""},"class_list":["post-146686","page","type-page","status-publish","hentry"],"_links":{"self":[{"href":"https:\/\/www.sp-ps.ch\/fr\/wp-json\/wp\/v2\/pages\/146686","targetHints":{"allow":["GET"]}}],"collection":[{"href":"https:\/\/www.sp-ps.ch\/fr\/wp-json\/wp\/v2\/pages"}],"about":[{"href":"https:\/\/www.sp-ps.ch\/fr\/wp-json\/wp\/v2\/types\/page"}],"author":[{"embeddable":true,"href":"https:\/\/www.sp-ps.ch\/fr\/wp-json\/wp\/v2\/users\/64"}],"replies":[{"embeddable":true,"href":"https:\/\/www.sp-ps.ch\/fr\/wp-json\/wp\/v2\/comments?post=146686"}],"version-history":[{"count":1,"href":"https:\/\/www.sp-ps.ch\/fr\/wp-json\/wp\/v2\/pages\/146686\/revisions"}],"predecessor-version":[{"id":146687,"href":"https:\/\/www.sp-ps.ch\/fr\/wp-json\/wp\/v2\/pages\/146686\/revisions\/146687"}],"wp:attachment":[{"href":"https:\/\/www.sp-ps.ch\/fr\/wp-json\/wp\/v2\/media?parent=146686"}],"curies":[{"name":"wp","href":"https:\/\/api.w.org\/{rel}","templated":true}]}}