{"id":151594,"date":"2025-01-07T15:32:49","date_gmt":"2025-01-07T14:32:49","guid":{"rendered":"https:\/\/www.sp-ps.ch\/?page_id=151594"},"modified":"2025-01-07T15:32:51","modified_gmt":"2025-01-07T14:32:51","slug":"oui-a-linitiative-sur-la-responsabilite-environnementale","status":"publish","type":"page","link":"https:\/\/www.sp-ps.ch\/fr\/oui-a-linitiative-sur-la-responsabilite-environnementale\/","title":{"rendered":"Oui \u00e0 l\u2019initiative sur la responsabilit\u00e9 environnementale"},"content":{"rendered":"\t\t<div data-elementor-type=\"wp-page\" data-elementor-id=\"151594\" class=\"elementor elementor-151594 elementor-151593\" data-elementor-post-type=\"page\">\n\t\t\t\t\t\t<section class=\"elementor-section elementor-top-section elementor-element elementor-element-35f82ac elementor-section-boxed elementor-section-height-default elementor-section-height-default\" data-id=\"35f82ac\" data-element_type=\"section\" data-settings=\"{&quot;jet_parallax_layout_list&quot;:[],&quot;background_background&quot;:&quot;classic&quot;}\">\n\t\t\t\t\t\t\t<div class=\"elementor-background-overlay\"><\/div>\n\t\t\t\t\t\t\t<div class=\"elementor-container elementor-column-gap-default\">\n\t\t\t\t\t<div class=\"elementor-column elementor-col-100 elementor-top-column elementor-element elementor-element-274bc43\" data-id=\"274bc43\" data-element_type=\"column\">\n\t\t\t<div class=\"elementor-widget-wrap elementor-element-populated\">\n\t\t\t\t\t\t<div class=\"elementor-element elementor-element-dac1c79 elementor-widget elementor-widget-image\" data-id=\"dac1c79\" data-element_type=\"widget\" data-widget_type=\"image.default\">\n\t\t\t\t<div class=\"elementor-widget-container\">\n\t\t\t\t\t\t\t\t\t\t\t\t\t\t\t<img fetchpriority=\"high\" decoding=\"async\" width=\"1920\" height=\"1080\" src=\"https:\/\/www.sp-ps.ch\/wp-content\/uploads\/2025\/01\/Header_1_Zeichenflaeche-1-1.jpg\" class=\"attachment-full size-full wp-image-151617\" alt=\"\" srcset=\"https:\/\/www.sp-ps.ch\/wp-content\/uploads\/2025\/01\/Header_1_Zeichenflaeche-1-1.jpg 1920w, https:\/\/www.sp-ps.ch\/wp-content\/uploads\/2025\/01\/Header_1_Zeichenflaeche-1-1-300x169.jpg 300w, https:\/\/www.sp-ps.ch\/wp-content\/uploads\/2025\/01\/Header_1_Zeichenflaeche-1-1-1024x576.jpg 1024w, https:\/\/www.sp-ps.ch\/wp-content\/uploads\/2025\/01\/Header_1_Zeichenflaeche-1-1-768x432.jpg 768w, https:\/\/www.sp-ps.ch\/wp-content\/uploads\/2025\/01\/Header_1_Zeichenflaeche-1-1-1536x864.jpg 1536w\" sizes=\"(max-width: 1920px) 100vw, 1920px\" \/>\t\t\t\t\t\t\t\t\t\t\t\t\t\t\t<\/div>\n\t\t\t\t<\/div>\n\t\t\t\t<div class=\"elementor-element elementor-element-292f791 elementor-widget elementor-widget-spps_button_list\" data-id=\"292f791\" data-element_type=\"widget\" data-widget_type=\"spps_button_list.default\">\n\t\t\t\t<div class=\"elementor-widget-container\">\n\t\t\t\t\t<div class=\"button-list-wrapper   \"><div class=\"button-list-title\"><h2>Oui \u00e0 l\u2019initiative sur la responsabilit\u00e9 environnementale<\/h2><\/div><div class=\"button-list-container\"><div class=\"button-list-text\"><p>Crise climatique, disparition des esp\u00e8ces, pollution de l\u2019eau et des sols \u2014 nos modes de production et de consommation d\u00e9truisent les fondements m\u00eames de la vie. Les grandes entreprises poursuivent leur course aux profits \u00e0 tout prix, souvent au d\u00e9triment de l\u2019environnement. L\u2019initiative pour la responsabilit\u00e9 environnementale vise \u00e0 changer cela. En votant oui le 9\u00a0f\u00e9vrier, nous prot\u00e9geons les ressources naturelles essentielles pour tous les \u00eatres humains, aujourd\u2019hui et pour les g\u00e9n\u00e9rations futures.<\/p>\n<p>&nbsp;<\/p>\n<h3><strong>Le temps presse<\/strong><\/h3>\n<p>Inondations, incendies de for\u00eat, s\u00e9cheresses \u2014 ces catastrophes environnementales sont d\u00e9j\u00e0 une r\u00e9alit\u00e9. Plus nous tardons \u00e0 agir, plus les d\u00e9g\u00e2ts \u00e9cologiques engendrent des souffrances et des co\u00fbts. Les limites de r\u00e9silience de notre plan\u00e8te sont actuellement largement d\u00e9pass\u00e9es. Avec l\u2019initiative pour la responsabilit\u00e9 environnementale, nous orientons notre \u00e9conomie pour pr\u00e9server les bases vitales de la vie.<\/p>\n<p>&nbsp;<\/p>\n<h3><strong>Pour une \u00e9conomie durable<\/strong><\/h3>\n<p>Les grandes entreprises cherchent \u00e0 maximiser leurs profits, m\u00eame si cela nuit gravement \u00e0 l\u2019environnement. L\u2019initiative pour la responsabilit\u00e9 environnementale met en place des r\u00e8gles claires pour garantir une \u00e9conomie durable et tourn\u00e9e vers l\u2019avenir. Concr\u00e8tement, cela signifie que notre \u00e9conomie ne doit pas consommer plus de ressources que ce que la nature peut r\u00e9g\u00e9n\u00e9rer.<\/p>\n<p>&nbsp;<\/p>\n<h3><strong>Pour une justice globale<\/strong><\/h3>\n<p>Les pays riches, comme la Suisse, sont parmi les principaux responsables de la crise climatique, tandis que ce sont surtout les populations des pays du Sud qui en subissent les cons\u00e9quences. Elles sont particuli\u00e8rement affect\u00e9es par les vagues de chaleur, les s\u00e9cheresses et les inondations. Il est temps que la Suisse assume ses responsabilit\u00e9s.<\/p>\n<\/div><\/div><\/div>\t\t\t\t<\/div>\n\t\t\t\t<\/div>\n\t\t\t\t\t<\/div>\n\t\t<\/div>\n\t\t\t\t\t<\/div>\n\t\t<\/section>\n\t\t\t\t<section class=\"elementor-section elementor-top-section elementor-element elementor-element-8fbc46c elementor-section-boxed elementor-section-height-default elementor-section-height-default\" data-id=\"8fbc46c\" data-element_type=\"section\" data-settings=\"{&quot;jet_parallax_layout_list&quot;:[]}\">\n\t\t\t\t\t\t<div class=\"elementor-container elementor-column-gap-default\">\n\t\t\t\t\t<div class=\"elementor-column elementor-col-100 elementor-top-column elementor-element elementor-element-473e503\" data-id=\"473e503\" data-element_type=\"column\">\n\t\t\t<div class=\"elementor-widget-wrap\">\n\t\t\t\t\t\t\t<\/div>\n\t\t<\/div>\n\t\t\t\t\t<\/div>\n\t\t<\/section>\n\t\t\t\t<\/div>\n\t\t","protected":false},"excerpt":{"rendered":"<p>Oui \u00e0 l\u2019initiative sur la responsabilit\u00e9 environnementale Crise climatique, disparition des esp\u00e8ces, pollution de l\u2019eau et des sols \u2014 nos modes de production et de consommation d\u00e9truisent les fondements m\u00eames [&hellip;]<\/p>\n","protected":false},"author":83,"featured_media":0,"parent":0,"menu_order":2,"comment_status":"closed","ping_status":"closed","template":"","meta":{"footnotes":""},"class_list":["post-151594","page","type-page","status-publish","hentry"],"_links":{"self":[{"href":"https:\/\/www.sp-ps.ch\/fr\/wp-json\/wp\/v2\/pages\/151594","targetHints":{"allow":["GET"]}}],"collection":[{"href":"https:\/\/www.sp-ps.ch\/fr\/wp-json\/wp\/v2\/pages"}],"about":[{"href":"https:\/\/www.sp-ps.ch\/fr\/wp-json\/wp\/v2\/types\/page"}],"author":[{"embeddable":true,"href":"https:\/\/www.sp-ps.ch\/fr\/wp-json\/wp\/v2\/users\/83"}],"replies":[{"embeddable":true,"href":"https:\/\/www.sp-ps.ch\/fr\/wp-json\/wp\/v2\/comments?post=151594"}],"version-history":[{"count":3,"href":"https:\/\/www.sp-ps.ch\/fr\/wp-json\/wp\/v2\/pages\/151594\/revisions"}],"predecessor-version":[{"id":151623,"href":"https:\/\/www.sp-ps.ch\/fr\/wp-json\/wp\/v2\/pages\/151594\/revisions\/151623"}],"wp:attachment":[{"href":"https:\/\/www.sp-ps.ch\/fr\/wp-json\/wp\/v2\/media?parent=151594"}],"curies":[{"name":"wp","href":"https:\/\/api.w.org\/{rel}","templated":true}]}}