{"id":152020,"date":"2025-01-14T10:26:43","date_gmt":"2025-01-14T09:26:43","guid":{"rendered":"https:\/\/www.sp-ps.ch\/en-langage-simplifie-oui-a-linitiative-pour-la-responsabilite-environnementale-le-9-fevrier-2025\/"},"modified":"2025-01-14T10:26:47","modified_gmt":"2025-01-14T09:26:47","slug":"en-langage-simplifie-oui-a-linitiative-pour-la-responsabilite-environnementale-le-9-fevrier-2025","status":"publish","type":"page","link":"https:\/\/www.sp-ps.ch\/fr\/en-langage-simplifie-oui-a-linitiative-pour-la-responsabilite-environnementale-le-9-fevrier-2025\/","title":{"rendered":"En langage simplifi\u00e9 : OUI \u00e0 l\u2019initiative pour la responsabilit\u00e9 environnementale, le 9 f\u00e9vrier 2025\u00a0!"},"content":{"rendered":"\t\t<div data-elementor-type=\"wp-page\" data-elementor-id=\"152020\" class=\"elementor elementor-152020 elementor-151978\" data-elementor-post-type=\"page\">\n\t\t\t\t\t\t<section class=\"elementor-section elementor-top-section elementor-element elementor-element-7539950 elementor-section-boxed elementor-section-height-default elementor-section-height-default\" data-id=\"7539950\" data-element_type=\"section\" data-settings=\"{&quot;jet_parallax_layout_list&quot;:[]}\">\n\t\t\t\t\t\t<div class=\"elementor-container elementor-column-gap-default\">\n\t\t\t\t\t<div class=\"elementor-column elementor-col-100 elementor-top-column elementor-element elementor-element-308478a\" data-id=\"308478a\" data-element_type=\"column\">\n\t\t\t<div class=\"elementor-widget-wrap elementor-element-populated\">\n\t\t\t\t\t\t<div class=\"elementor-element elementor-element-508f944 elementor-widget elementor-widget-spps_button_list\" data-id=\"508f944\" data-element_type=\"widget\" data-widget_type=\"spps_button_list.default\">\n\t\t\t\t<div class=\"elementor-widget-container\">\n\t\t\t\t\t<div class=\"button-list-wrapper wrapper-spacing-default  \"><div class=\"button-list-title\"><h2>En langage simplifi\u00e9 : OUI \u00e0 l\u2019initiative pour la responsabilit\u00e9 environnementale, le 9 f\u00e9vrier 2025\u00a0!<\/h2><\/div><div class=\"button-list-container\"><div class=\"button-list-text\"><p>La votation du 9 f\u00e9vrier s\u2019appelle <br \/>initiative pour la responsabilit\u00e9 environnementale. <br \/>Cela veut dire que\u00a0:<br \/>La Suisse est responsable <br \/>et s\u2019engage pour un environnement sain.<\/p>\n<h3>On vote sur quoi\u00a0?<\/h3>\n<p>Pour vivre, nous avons toutes et tous<br \/>besoin d\u2019un environnement sain.<\/p>\n<p>C\u2019est ce qu\u2019on appelle\u00a0: les bases naturelles de la vie.<\/p>\n<p>Aujourd\u2019hui, les bases naturelles de la vie humaine sont en danger.<\/p>\n<p>L\u2019initiative veut prot\u00e9ger les bases de la vie<br \/>pour toutes les personnes, partout dans le monde. <br \/>Maintenant et \u00e0 l\u2019avenir.<\/p>\n<p><strong>Le PS dit OUI<\/strong> \u00e0 cette votation. <br \/>PS veut dire Parti socialiste suisse.<\/p>\n<p><strong>\u00a0<\/strong><\/p>\n<h3>Pourquoi le PS dit OUI \u00e0 cette votation\u00a0?<\/h3>\n<ul>\n<li><strong>Le temps presse.<\/strong> <br \/>Aujourd\u2019hui d\u00e9j\u00e0, on voit de plus en plus <br \/>d\u2019inondations, d\u2019incendies de for\u00eats et de s\u00e9cheresses. <br \/>Si l\u2019on attend trop,<br \/>la situation va encore s\u2019aggraver.\n<\/li>\n<li><strong>L\u2019\u00e9conomie doit m\u00e9nager l\u2019environnement.<\/strong> <br \/>Elle ne doit pas consommer plus<br \/>que ce que l\u2019environnement peut supporter.\n<\/li>\n<li><strong>Plus de justice dans le monde.<\/strong> <br \/>Le climat se r\u00e9chauffe. <br \/>Ce r\u00e9chauffement est surtout caus\u00e9 par les pays riches.<br \/>Y compris la Suisse.<br \/>Mais les habitants des pays pauvres sont ceux qui souffrent le plus.<br \/>Ils font face \u00e0 des vagues de chaleur, des s\u00e9cheresses et des inondations. <br \/>Il faut que cela change. <br \/>La Suisse doit prendre ses responsabilit\u00e9s,<br \/>pour le bien de toute la population du monde.<\/li>\n<\/ul>\n<h3>\u00a0<\/h3>\n<h3>Que pouvez-vous faire\u00a0?<\/h3>\n<p>Votez <strong>OUI<\/strong> le 9 f\u00e9vrier 2025 \u00e0 la votation <br \/>sur la responsabilit\u00e9 environnementale\u00a0!<\/p>\n<p>Sur le bulletin de vote, il est \u00e9crit\u00a0: <br \/>Acceptez-vous l\u2019initiative populaire \u00ab\u00a0Pour une \u00e9conomie responsable respectant les limites plan\u00e9taires (initiative pour la responsabilit\u00e9 environnementale)\u00a0\u00bb\u00a0?<\/p>\n<p>\u00c9crivez simplement\u00a0: <strong>OUI<\/strong><\/p>\n<p>&nbsp;<\/p>\n<p>&nbsp;<\/p>\n<\/div><\/div><\/div>\t\t\t\t<\/div>\n\t\t\t\t<\/div>\n\t\t\t\t\t<\/div>\n\t\t<\/div>\n\t\t\t\t\t<\/div>\n\t\t<\/section>\n\t\t\t\t<\/div>\n\t\t","protected":false},"excerpt":{"rendered":"<p>En langage simplifi\u00e9 : OUI \u00e0 l\u2019initiative pour la responsabilit\u00e9 environnementale, le 9 f\u00e9vrier 2025\u00a0! La votation du 9 f\u00e9vrier s\u2019appelle initiative pour la responsabilit\u00e9 environnementale. Cela veut dire que\u00a0:La [&hellip;]<\/p>\n","protected":false},"author":64,"featured_media":0,"parent":0,"menu_order":0,"comment_status":"closed","ping_status":"closed","template":"","meta":{"footnotes":""},"class_list":["post-152020","page","type-page","status-publish","hentry"],"_links":{"self":[{"href":"https:\/\/www.sp-ps.ch\/fr\/wp-json\/wp\/v2\/pages\/152020","targetHints":{"allow":["GET"]}}],"collection":[{"href":"https:\/\/www.sp-ps.ch\/fr\/wp-json\/wp\/v2\/pages"}],"about":[{"href":"https:\/\/www.sp-ps.ch\/fr\/wp-json\/wp\/v2\/types\/page"}],"author":[{"embeddable":true,"href":"https:\/\/www.sp-ps.ch\/fr\/wp-json\/wp\/v2\/users\/64"}],"replies":[{"embeddable":true,"href":"https:\/\/www.sp-ps.ch\/fr\/wp-json\/wp\/v2\/comments?post=152020"}],"version-history":[{"count":1,"href":"https:\/\/www.sp-ps.ch\/fr\/wp-json\/wp\/v2\/pages\/152020\/revisions"}],"predecessor-version":[{"id":152021,"href":"https:\/\/www.sp-ps.ch\/fr\/wp-json\/wp\/v2\/pages\/152020\/revisions\/152021"}],"wp:attachment":[{"href":"https:\/\/www.sp-ps.ch\/fr\/wp-json\/wp\/v2\/media?parent=152020"}],"curies":[{"name":"wp","href":"https:\/\/api.w.org\/{rel}","templated":true}]}}