{"id":67333,"date":"2021-01-21T00:00:00","date_gmt":"2021-01-20T23:00:00","guid":{"rendered":"https:\/\/test.sp-ps.ch\/ou-en-sommes-nous\/"},"modified":"2021-01-21T00:00:00","modified_gmt":"2021-01-20T23:00:00","slug":"ou-en-sommes-nous","status":"publish","type":"page","link":"https:\/\/www.sp-ps.ch\/fr\/ou-en-sommes-nous\/","title":{"rendered":"O\u00f9 en sommes-nous ?"},"content":{"rendered":"\t\t<div data-elementor-type=\"wp-post\" data-elementor-id=\"67333\" class=\"elementor elementor-67333 elementor-66955\" data-elementor-post-type=\"page\">\n\t\t\t\t\t\t<section class=\"elementor-section elementor-top-section elementor-element elementor-element-62f6b368dcc5a elementor-section-boxed elementor-section-height-default elementor-section-height-default\" data-id=\"62f6b368dcc5a\" data-element_type=\"section\" data-settings=\"{&quot;jet_parallax_layout_list&quot;:[],&quot;background_background&quot;:&quot;classic&quot;}\">\n\t\t\t\t\t\t<div class=\"elementor-container elementor-column-gap-wide\">\n\t\t\t\t\t<div class=\"elementor-column elementor-col-100 elementor-top-column elementor-element elementor-element-62f6b368dcc5b\" data-id=\"62f6b368dcc5b\" data-element_type=\"column\">\n\t\t\t<div class=\"elementor-widget-wrap elementor-element-populated\">\n\t\t\t\t\t\t<div class=\"elementor-element elementor-element-62f6b368dcbe2 elementor-widget elementor-widget-heading\" data-id=\"62f6b368dcbe2\" data-element_type=\"widget\" data-widget_type=\"heading.default\">\n\t\t\t\t<div class=\"elementor-widget-container\">\n\t\t\t\t\t<h1 class=\"elementor-heading-title elementor-size-default\">O\u00f9 en sommes-nous ?<\/h1>\t\t\t\t<\/div>\n\t\t\t\t<\/div>\n\t\t\t\t<div class=\"elementor-element elementor-element-62f6b368dcc44 elementor-widget elementor-widget-jet-breadcrumbs\" data-id=\"62f6b368dcc44\" data-element_type=\"widget\" data-widget_type=\"jet-breadcrumbs.default\">\n\t\t\t\t<div class=\"elementor-widget-container\">\n\t\t\t\t\t<div class=\"elementor-jet-breadcrumbs jet-blocks\">\n\t\t<div class=\"jet-breadcrumbs\">\n\t\t<div class=\"jet-breadcrumbs__content\">\n\t\t<div class=\"jet-breadcrumbs__wrap\">\n\t\t<\/div>\n\t\t<\/div>\n\t\t<\/div><\/div>\t\t\t\t<\/div>\n\t\t\t\t<\/div>\n\t\t\t\t<div class=\"elementor-element elementor-element-62f6b368dcc57 elementor-widget__width-initial elementor-widget elementor-widget-text-editor\" data-id=\"62f6b368dcc57\" data-element_type=\"widget\" data-widget_type=\"text-editor.default\">\n\t\t\t\t<div class=\"elementor-widget-container\">\n\t\t\t\t\t\t\t\t\tIls donnent l&#8217;exemple : sept cantons et 605 communes ont \u00e9tendu les droits de participation et de cod\u00e9cision et ont d\u00e9clar\u00e9 les migrant-e-s sans passeport suisse comme \u00e9tant des citoyens et citoyennes habilit\u00e9-e-s \u00e0 voter, \u00e0 \u00e9lire et \u00e0 se pr\u00e9senter aux \u00e9lections \u2013 bien qu&#8217;avec encore des restrictions, malheureusement. 50 ans apr\u00e8s le combat pour le suffrage f\u00e9minin, il est grand temps de d\u00e9velopper la d\u00e9mocratie dans tous les cantons et dans toute la Suisse !\t\t\t\t\t\t\t\t<\/div>\n\t\t\t\t<\/div>\n\t\t\t\t\t<\/div>\n\t\t<\/div>\n\t\t\t\t\t<\/div>\n\t\t<\/section>\n\t\t\t\t<section class=\"elementor-section elementor-top-section elementor-element elementor-element-62f6b368dcc5c elementor-section-boxed elementor-section-height-default elementor-section-height-default\" data-id=\"62f6b368dcc5c\" data-element_type=\"section\" data-settings=\"{&quot;jet_parallax_layout_list&quot;:[]}\">\n\t\t\t\t\t\t<div class=\"elementor-container elementor-column-gap-default\">\n\t\t\t\t\t<div class=\"elementor-column elementor-col-100 elementor-top-column elementor-element elementor-element-62f6b368dcc5d\" data-id=\"62f6b368dcc5d\" data-element_type=\"column\">\n\t\t\t<div class=\"elementor-widget-wrap elementor-element-populated\">\n\t\t\t\t\t\t<div class=\"elementor-element elementor-element-62f6b368dcc5e elementor-widget elementor-widget-spacer\" data-id=\"62f6b368dcc5e\" data-element_type=\"widget\" data-widget_type=\"spacer.default\">\n\t\t\t\t<div class=\"elementor-widget-container\">\n\t\t\t\t\t\t\t<div class=\"elementor-spacer\">\n\t\t\t<div class=\"elementor-spacer-inner\"><\/div>\n\t\t<\/div>\n\t\t\t\t\t\t<\/div>\n\t\t\t\t<\/div>\n\t\t\t\t\t<\/div>\n\t\t<\/div>\n\t\t\t\t\t<\/div>\n\t\t<\/section>\n\t\t\t\t<section class=\"elementor-section elementor-top-section elementor-element elementor-element-62f6b368dcc5f elementor-section-boxed elementor-section-height-default elementor-section-height-default\" data-id=\"62f6b368dcc5f\" data-element_type=\"section\" data-settings=\"{&quot;jet_parallax_layout_list&quot;:[]}\">\n\t\t\t\t\t\t<div class=\"elementor-container elementor-column-gap-no\">\n\t\t\t\t\t<div class=\"elementor-column elementor-col-100 elementor-top-column elementor-element elementor-element-62f6b368dcc60\" data-id=\"62f6b368dcc60\" data-element_type=\"column\">\n\t\t\t<div class=\"elementor-widget-wrap elementor-element-populated\">\n\t\t\t\t\t\t<div class=\"elementor-element elementor-element-62f6b368cc076 elementor-widget elementor-widget-text-editor\" data-id=\"62f6b368cc076\" data-element_type=\"widget\" data-widget_type=\"text-editor.default\">\n\t\t\t\t<div class=\"elementor-widget-container\">\n\t\t\t\t\t\t\t\t\t<p>Les cantons de <strong>Neuch&acirc;tel <\/strong>et du <strong>Jura<\/strong> donnent l&rsquo;exemple&nbsp;: toute personne qui s&#8217;y trouve a le droit de voter, d&#8217;&eacute;lire et d&#8217;exercer une fonction <em>au niveau cantonal et communal<\/em>, m&ecirc;me si elle n&#8217;a pas de passeport suisse. En ce qui concerne ses droits politiques, elle n&#8217;est plus&nbsp;<span class=\"1709\"><span style=\"line-height: 107%; font-family: NimbusSanNov, serif; font-size: 11pt;\">&laquo;&nbsp;<\/span><\/span>&eacute;trang&egrave;re<span class=\"1709\"><span style=\"line-height: 107%; font-family: NimbusSanNov, serif; font-size: 11pt;\">&nbsp;&raquo;<\/span><\/span>&nbsp;si elle remplit certaines r&egrave;gles de r&eacute;sidence.<p><em>Au niveau communal<\/em>, outre <strong>Neuch&acirc;tel <\/strong>et le <strong>Jura<\/strong>, les cantons de <strong>Fribourg<\/strong> et de <strong>Vaud<\/strong> octroient le droit de vote, d&rsquo;&eacute;lection et d&rsquo;&eacute;ligibilit&eacute; &agrave; toutes et tous. Le canton de <strong>Gen&egrave;ve <\/strong>, quant &agrave; lui,&nbsp;octroie le droit de voter et le droit d&#8217;&eacute;lire aux citoyens et citoyennes sans passeport suisse, mais pas le droit d&rsquo;&eacute;ligibilit&eacute;.<\/p><p>Les cantons de <strong>B&acirc;le-Ville<\/strong>, des <strong>Grisons<\/strong> et <strong>d&rsquo;Appenzell Rhodes-Ext&eacute;rieures<\/strong> autorisent leurs communes &agrave; introduire le droit de vote, d&#8217;&eacute;lection et d&rsquo;&eacute;ligibilit&eacute; aux citoyens et citoyennes sans passeport suisse.<\/p><p><strong>Gen&egrave;ve <\/strong>est &eacute;galement le premier canton en train d&#8217;accorder des droits politiques <em>&agrave; toutes les personnes handicap&eacute;es<\/em>, et <strong>Glaris<\/strong>&nbsp;le premier et jusqu&#8217;&agrave; pr&eacute;sent le seul canton o&ugrave; <em>l&#8217;&acirc;ge d&#8217;obtention du droit de vote est fix&eacute; &agrave; 16 ans<\/em>.<\/p><p>Dans cinq cantons jusqu&#8217;&agrave; pr&eacute;sent (<strong>B&acirc;le-Ville<\/strong>, <strong>Berne<\/strong>, <strong>Gen&egrave;ve<\/strong>, <strong>Lucerne<\/strong> et <strong>Zurich<\/strong>), le PS a lanc&eacute; des initiatives politiques contre l&#8217;exclusion de groupes entiers de la population des institutions d&eacute;mocratiques. Cinquante ans apr&egrave;s le combat pour le droit de vote des femmes, il est grand temps d&#8217;&eacute;largir la d&eacute;mocratie dans tous les cantons et dans toute la Suisse. Pour une bonne coexistence, il est crucial que chacun-e puisse participer et contribuer &agrave; l&#8217;&eacute;laboration de la vie publique et sociale.<\/p><h3>Initiatives en cours pour &eacute;largir la d&eacute;mocratie<\/h3><p><u><strong>Suisse<\/strong><\/u><strong> <\/strong>: Le PS et le PS Migrant-e-s on lanc&eacute; la p&eacute;tition <span style=\"font-family: NimbusSanNov, serif; font-size: 14.66px;\">&laquo;&nbsp;<\/span>droit de vote pour toutes et tous<span style=\"font-family: NimbusSanNov, serif; font-size: 14.66px;\">&nbsp;&raquo;<\/span>&nbsp;(<a href=\"https:\/\/droitdevotepourtoutesettous.ch\">fran&ccedil;ais<\/a> &#8211; <a href=\"https:\/\/stimmrechtfueralle.ch\">deutsch<\/a> &#8211; <a href=\"https:\/\/votopertutte-tutti.ch\">italiano<\/a> &#8211; <a href=\"https:\/\/derecho-al-voto-para-todos.ch\">espa&ntilde;ol<\/a> &#8211; <a href=\"https:\/\/direito-de-voto-para-todas-e-todos.ch\">portugu&ecirc;s<\/a> &#8211; <a href=\"https:\/\/votimi-per-te-gjithe.ch\">shqip<\/a> &#8211; <a href=\"https:\/\/tamil.stimmrechtfueralle.ch\">tamil<\/a>). La p&eacute;tition nous permet de toucher plus de personnes pour mettre davantage de pression sur le Parlement qui doit approuver <a href=\"https:\/\/www.sp-ps.ch\/wp-content\/uploads\/2021\/01\/pa.iv_atici_droit-de-vote_0.pdf\">l&#8217;initiative parlementaire<\/a> du Conseiller national Mustafa Atici. Il exige que toute personne r&eacute;sidant depuis plus de 5 ans en Suisse puisse voter et &eacute;lire et qu&#8217;une fois ces droits politiques acquis ils ne puissent pas &ecirc;tre perdus suite au d&eacute;m&eacute;nagement dans une autre commune ou un autre canton. Une autre initiative parlementaire demande le <a href=\"https:\/\/www.parlament.ch\/fr\/ratsbetrieb\/suche-curia-vista\/geschaeft?AffairId=20190415\">droit de vote d&egrave;s 16 ans<\/a> au niveau f&eacute;d&eacute;ral.<\/p><p><strong>B&acirc;le-Ville <\/strong>: En d&eacute;cembre 2019, le Grand Conseil a donn&eacute; son accord de principe &agrave; une <a href=\"http:\/\/www.grosserrat.bs.ch\/dokumente\/100390\/000000390704.pdf\">motion du PS<\/a> et d&#8217;autres partis demandant que les habitant-e-s sans nationalit&eacute; suisse aient le droit de vote au niveau cantonal et communal s&#8217;ils r&eacute;sident dans le canton depuis cinq ans. Le gouvernement a accept&eacute; de r&eacute;diger un projet de loi dans les deux ans. Le&nbsp;<span style=\"font-family: NimbusSanNov, serif; font-size: 14.66px;\">&laquo;&nbsp;<\/span><a href=\"https:\/\/www.mitstimme.ch\/\">Verein Mitstimme<\/a><span style=\"font-family: NimbusSanNov, serif; font-size: 14.66px;\">&nbsp;&raquo;<\/span>&nbsp;a beaucoup contribu&eacute; &agrave; son succ&egrave;s. La votation devrait avoir lieu &agrave; la fin de l&#8217;ann&eacute;e 2022.&nbsp;<\/p><p><strong>Canton de Berne <\/strong>: Une <a href=\"https:\/\/www.gr.be.ch\/gr\/fr\/index\/geschaefte\/geschaefte\/suche\/geschaeft.gid-9b673fa6b008466c92f5062ad7d4f234.html\">motion du PS au Grand Conseil<\/a> a demand&eacute; que les communes puissent librement &eacute;tendre le droit de vote et d&rsquo;&eacute;ligibilit&eacute; en mati&egrave;re communale &agrave; d&rsquo;autres cat&eacute;gories d&rsquo;habitants et habitantes que les Suisses et Suissesses de plus de 18 ans r&eacute;sidant en territoire bernois. Le Grand Conseil a rejet&eacute; la proposition le 23 novembre 2020, avec 69 voix pour, 76 contre et 3 abstentions. Un <span style=\"font-family: NimbusSanNov, serif; font-size: 14.66px;\">&laquo;&nbsp;<\/span><a href=\"https:\/\/migrantinnen.spbe.ch\/politik-aktuell\/news\/posts\">groupe de travail sur le droit de vote<\/a><span style=\"font-family: NimbusSanNov, serif; font-size: 14.66px;\">&nbsp;&raquo;<\/span>&nbsp;mis en place par le comit&eacute;&nbsp;directeur du PS du canton de Berne travaille actuellement avec le <a href=\"https:\/\/migrantinnen.spbe.ch\/partei\/mitmachen\">PS Migrant-e-s Berne<\/a> sur de nouvelles mani&egrave;res d&#8217;atteindre cet objectif. Ils travaillent d&#8217;entente avec <span style=\"font-family: NimbusSanNov, serif; font-size: 14.66px;\">&laquo;&nbsp;<\/span><a href=\"https:\/\/wirallesindbern.ch\/\">Wir alle sind Bern<\/a><span style=\"font-family: NimbusSanNov, serif; font-size: 14.66px;\">&nbsp;&raquo;<\/span>&nbsp;(&#8220;Nous sommes toutes et tous Berne<span style=\"font-family: NimbusSanNov, serif; font-size: 14.66px;\">&nbsp;&raquo;<\/span>).<\/p><p>Le PS du canton de Berne se bat &eacute;galement <a href=\"https:\/\/www.psbe.ch\/politique-actuelle\/news?tx_t3extblog_blogsystem%5Baction%5D=show&amp;tx_t3extblog_blogsystem%5Bcontroller%5D=Post&amp;tx_t3extblog_blogsystem%5Bpost%5D=3464&amp;cHash=c0b17feba58e8815b05f67bcdb5bc602\">pour l&#8217;&acirc;ge de vote de 16 ans<\/a>. Dans la ville de Berne, le PS Migrant-e-s a pour la premi&egrave;re fois utilis&eacute; l&#8217;instrument d&#8217;une <a href=\"https:\/\/www.migrantinnen.spbe.ch\/politik-aktuell\/partizipationsmotion-fuer-auslaender-bern\">motion de participation<\/a>. Au Grand Conseil, une proposition demande les droits politiques <a href=\"https:\/\/www.gr.be.ch\/gr\/fr\/index\/geschaefte\/geschaefte\/suche\/geschaeft.gid-476bcaf261ca4452841cb57654ee2716.html\">aussi pour les personnes sous curatelle<\/a> de port&eacute;e g&eacute;n&eacute;rale.<\/p><p><strong>Canton de Gen&egrave;ve<\/strong> : Depuis 2005, le canton a octroy&eacute; les droits de vote, d&rsquo;initiative et de r&eacute;f&eacute;rendum au niveau communal aux habitant-e-s sans nationalit&eacute; suisse r&eacute;sidant en Suisse depuis au moins 8 ans (<a href=\"https:\/\/www.ge.ch\/dossier\/geneve-soutient-integration-etrangers\/a-la-une\/participation-politique-etrangers\">voir ici<\/a>). Le PS et d&#8217;autres partis de gauche ont pr&eacute;sent&eacute; une <a href=\"https:\/\/www.sp-ps.ch\/wp-content\/uploads\/2021\/01\/PL12442.pdf\">motion<\/a> en 2019 qui vise &agrave; donner &agrave; ces concitoyen-ne-s les pleins droits politiques &eacute;galement au niveau cantonal&nbsp;comme municipal (<a href=\"https:\/\/www.ps-ge.ch\/2019\/02\/11\/elargir-le-droit-de-vote-aux-personnes-etrangeres-pour-plus-de-democratie\/\">plus d&#8217;information&nbsp;ici<\/a>). L&rsquo;association &laquo; Droits Politiques pour les r&eacute;sident-e-s &agrave; Gen&egrave;ve &raquo; (<a href=\"https:\/\/www.dpge.ch\/\">DPGE<\/a>) est un des moteurs de cette campagne.<\/p><p><strong>Canton de Lucerne<\/strong> : En novembre 2020, le PS a demand&eacute;, par une <a href=\"http:\/\/www.lu.ch\/kr\/mitglieder_und_organe\/mitglieder\/mitglieder_detail\/Geschaeft_Detail?ges=4e461b062e764e3991f8f1ad36f775d8\">initiative individuelle au Conseil cantonal<\/a>, que la base juridique soit cr&eacute;&eacute;e afin que les communes puissent introduire le droit de vote et d&#8217;&eacute;lection communal pour les habitant-e-s sans nationalit&eacute; suisse&nbsp;sur une base volontaire (<a href=\"http:\/\/www.sp-luzern.ch\/de\/Ausl%C3%A4nderstimmrecht\">voir ici<\/a>). Il existe un solide r&eacute;seau avec l&#8217;association &#8220;<a href=\"https:\/\/www.mip-luzern.ch\/\">Migrant*innenparlament Kt. Luzern<\/a>&#8220;.<\/p><p><strong>Canton de Zurich<\/strong> : Dans la ville de Zurich, un peu moins d&#8217;un tiers de la population n&#8217;a pas la nationalit&eacute; suisse. Cela repr&eacute;sente pr&egrave;s de 140 000 personnes. Dans la ville de Zurich, pr&egrave;s de 47% des personnes de 30 &agrave; 39 ans, la tranche d&#8217;&acirc;ge la plus importante en nombre, ne poss&egrave;dent pas de passeport suisse. Avec cet <a href=\"http:\/\/www.stadt-zuerich.ch\/prd\/de\/index\/ueber_das_departement\/medien\/medienmitteilungen\/2019\/september\/190911b.html\">argument<\/a>, la maire socialiste Corinne Mauch, au nom du gouvernement de la ville, a soumis une initiative d&#8217;autorit&eacute; au Conseil cantonal afin que la ville de Zurich et d&#8217;autres municipalit&eacute;s zurichoises, si elles le souhaitent, puissent accorder le droit de vote et d&#8217;&eacute;lection au niveau communal &agrave; leurs concitoyen-ne-s sans passeport suisse qui vivent dans la commune depuis deux ans. Le <a href=\"http:\/\/www.kantonsrat.zh.ch\/geschaefte\/geschaeft\/?id=f3fec4cf819c46b78b0c9721fa6aed80\">Conseil cantonal<\/a> a approuv&eacute; la premi&egrave;re &eacute;tape le 6 janvier 2020. Apr&egrave;s que la commission comp&eacute;tente du Conseil ait trait&eacute; l&#8217;initiative des autorit&eacute;s, le Parlement traitera la demande une seconde fois.<\/p><h3>Situation dans les autres cantons<\/h3><p><strong>Canton de Neuch&acirc;tel<\/strong> : Dans le canton de Neuch&acirc;tel, le droit de vote et d&#8217;&eacute;ligibilit&eacute; existe pour les personnes sans passeport suisse depuis 1849. Toute personne au b&eacute;n&eacute;fice d&rsquo;une autorisation d&rsquo;&eacute;tablissement C et vivant dans le canton depuis cinq ans peut voter et se pr&eacute;senter aux &eacute;lections dans le canton et dans la commune (<a href=\"https:\/\/www.ne.ch\/autorites\/CHAN\/CHAN\/dpol\/Pages\/accueil.aspx\">plus d&#8217;information&nbsp;ici<\/a>).<\/p><p><strong>Canton de Jura<\/strong> : Le Canton de Jura a introduit le droit de vote et d&#8217;&eacute;ligibilit&eacute; pour les personnes sans passeport suisse depuis la cr&eacute;ation du canton en 1978. Toute personne domicili&eacute;e en Suisse depuis 10 ans et depuis 1 ans dans le canton peut voter et &eacute;lire dans le canton et dans sa commune de r&eacute;sidence (<a href=\"https:\/\/www.jura.ch\/CHA\/SCH\/Droits-politiques.html#\">plus d&#8217;information ici<\/a>).<\/p><p><strong>Canton de Fribourg<\/strong> : Le canton de Fribourg accorde le droit de vote et d&#8217;&eacute;ligibilit&eacute; au niveau communal aux personnes sans passeport suisse. La condition pr&eacute;alable est l&#8217;obtention d&#8217;un permis d&#8217;&eacute;tablissement C et un s&eacute;jour d&#8217;au moins cinq ans dans le canton (<a href=\"https:\/\/www.fr.ch\/institutions-et-droits-politiques\/legislation\/droits-politiques\">plus d&#8217;information&nbsp;ici<\/a>).<\/p><p><strong>Canton de Vaud<\/strong> : Depuis 2003, le canton de Vaud accorde le droit de vote et d&#8217;&eacute;ligibilit&eacute; au niveau communal aux personnes sans passeport suisse qui vivent en Suisse depuis dix ans et dans le canton depuis trois ans (<a href=\"http:\/\/www.vd.ch\/themes\/etat-droit-finances\/votations-et-elections\/voter\/#c2040908\">plus d&#8217;informations ici<\/a>). Le PS a appelle depuis longtemps &agrave; une extension de ce droit au niveau cantonal et &agrave; un raccourcissement des d&eacute;lais.<\/p><p><strong>Canton des Grisons<\/strong> : Le canton des Grisons autorise ses communes &agrave; introduire&nbsp;le droit de vote et d&#8217;&eacute;ligibilit&eacute; pour les concitoyen-ne-s sans passeport suisse. Les municipalit&eacute;s dans lesquelles c&#8217;est le cas sont indiqu&eacute;es <a href=\"https:\/\/www.bfs.admin.ch\/bfs\/fr\/home\/statistiques\/population\/migration-integration\/indicateurs-integration\/indicateurs\/communes-cantons-droit.html\">sur cette carte<\/a>. En 2019, le PS a &eacute;galement obtenu un succ&egrave;s partiel avec une plainte relative au droit de vote d&eacute;pos&eacute;e devant le <a href=\"https:\/\/www.bger.ch\/ext\/eurospider\/live\/fr\/php\/aza\/http\/index.php?highlight_docid=aza%3A%2F%2F29-07-2019-1C_495-2017&amp;lang=fr&amp;type=show_document&amp;zoom=YES\">Tribunal f&eacute;d&eacute;ral<\/a> afin que la repr&eacute;sentation proportionnelle soit appliqu&eacute;e lors des &eacute;lections cantonales dans les circonscriptions &agrave; forte population.<\/p><p><strong>Canton d&#8217;Appenzell Rhodes-Ext&eacute;rieures<\/strong> : Le canton d&#8217;Appenzell Rhodes-Ext&eacute;rieures autorise ses communes &agrave; introduire le droit de vote pour les citoyen-ne-s sans passeport suisse. <a href=\"http:\/\/www.bfs.admin.ch\/bfs\/fr\/home\/statistiques\/population\/migration-integration\/indicateurs-integration\/indicateurs\/communes-cantons-droit.html\">Cette carte<\/a> montre dans quelles municipalit&eacute;s c&#8217;est d&eacute;j&agrave; le cas.<\/p><p><strong>Canton de Glaris<\/strong> : En 2007, la <em>Landsgemeinde <\/em>(assembl&eacute;e populaire)&nbsp;&eacute;crit un nouveau chapitre de l&#8217;histoire des d&eacute;cisions pionni&egrave;res en approuvant une proposition du PS pour l&#8217;introduction du droit de vote d&egrave;s 16 ans aux niveaux communal et cantonal. Le point crucial &eacute;tait de s&#8217;engager contre l&#8217;exode de la jeune g&eacute;n&eacute;ration du canton. 13 ans plus tard, Glaris est toujours le seul canton &agrave; avoir introduit le droit de vote d&egrave;s16 ans (<a href=\"http:\/\/www.gl.ch\/public-newsroom\/details.html\/31\/news\/16108\">plus d&#8217;informations ici<\/a>).<\/p><p><strong>Canton de Gen&egrave;ve :&nbsp;<\/strong>Fin novembre 2020, les genevois-e-s ont accord&eacute; &agrave; toutes les <em>personnes en situation de handicap <\/em>le droit de vote et d&#8217;&eacute;ligibilit&eacute; avec une majorit&eacute; de 75 % ; sont aussi concern&eacute;es les personnes sous curatelle de port&eacute;e g&eacute;n&eacute;rale, qui se voient ainsi accorder des droits politiques complets. Cette d&eacute;cision a &eacute;t&eacute; initi&eacute;e par une <a href=\"http:\/\/ge.ch\/grandconseil\/search?search=12211\">motion<\/a> au Grand Conseil genevois (<a href=\"https:\/\/www.inclusion-handicap.ch\/fr\/actualite\/actualite_0\/2021\/droit-de-vote-et-dreligibilite-pour-toutes-et-tous-le-canton-de-geneve-precurseur-488.html\">plus d&#8217;information&nbsp;ici<\/a>). Dans le Canton de Vaud &eacute;galement, une <a href=\"https:\/\/www.sp-ps.ch\/wp-content\/uploads\/2021\/01\/19_MOT_117_obj_et_dev.pdf\">motion<\/a>&nbsp;demande de mettre un terme aux discriminations en mati&egrave;re de droits politiques contre les personnes atteintes de troubles psychiques ou de d&eacute;ficience mentale. La <a href=\"https:\/\/www.sp-ps.ch\/wp-content\/uploads\/2021\/01\/19_MOT_117_RC.pdf\">commission comp&eacute;tente<\/a> a approuv&eacute; tout juste la proposition en juin 2020 ; la question reste donc &agrave; l&#8217;ordre du jour du Grand Conseil vaudois.<\/p><h3>Quelques statistiques<\/h3><p><strong>Au niveau national<\/strong>, <strong>un quart<\/strong> de la population r&eacute;sidente n&#8217;a pas le droit de vote parce qu&#8217;elle a le faux passeport (2&#8217;197&#8217;500 personnes, soit 25,4 % de la population r&eacute;sidente, dont environ 1&#8217;772&#8217;400 adultes de plus de 18 ans et donc en &acirc;ge de voter).<\/p><p><strong>Au niveau des cantons<\/strong>, ce chiffre est <strong>&eacute;galement d&#8217;un quart <\/strong>(2&#8217;142&#8217;400 personnes, soit 24,8 % de la population r&eacute;sidente, dont 1&#8217;745&#8217;600 adultes de plus de 18 ans).<\/p><p><strong>Au niveau communal<\/strong>, 330&#8217;600 adultes de plus de 18 ans sans passeport suisse ont le droit de vote dans 605 communes. Quelque 1&#8217;590 communes refusent ces droits &agrave; <strong>un cinqiu&egrave;me <\/strong>de la population ou 1&#8217;460&#8217;000&nbsp;adultes de plus de 18 ans&nbsp;sans passeport suisse, dont certains r&eacute;sident dans le pays ou dans la&nbsp; depuis tr&egrave;s longtemps.<\/p><p>Toutes les communes des cantons de Fribourg, Gen&egrave;ve, Jura, Neuch&acirc;tel et Vaud, ainsi que les 4 communes appenzelloises de Rehetobel, Speicher, Trogen et Wald (AR) et les 22 communes grisonnes de Albula \/ Alvra, Arosa, Bonaduz, Bever, Bregaglia, Casti-Wergenstein, Cazis, Conters im Pr&auml;ttigau, Domleschg, Donat, Fideris, Flerdern, Jenaz, Luzein, Masein, Saviental, Scuol, Sils im Domleschg, Sumvitg, Surses, Tschappina&nbsp;et Vals accordent &agrave; leurs concitoyens et concitoyennes sans passeport suisse le droit de vote et d&#8217;&eacute;ligibilit&eacute;, au moins pour les affaires communales. Moritz votera &agrave; ce sujet en 2021 sur la base d&#8217;une <a href=\"https:\/\/www.gemeinde-stmoritz.ch\/fileadmin\/user_upload\/dokumente\/pdf\/Botschaften\/2020_11_29_Botschaft_Gemeindeverfassung_Totalrevision.PDF\">proposition des autorit&eacute;s<\/a>.<\/p><p>La participation des personnes issues de la migration aux scrutins f&eacute;d&eacute;raux est inf&eacute;rieure d&#8217;environ 10 % &agrave; celle des personnes non issues de la migration (<a href=\"https:\/\/www.bfs.admin.ch\/bfs\/fr\/home\/statistiques\/population\/migration-integration\/indicateurs-integration\/indicateurs\/communes-cantons-droit.assetdetail.5546580.html\">plus d&#8217;informations ici<\/a>).<\/p><p>Plus de 1,12 million de nos concitoyens et concitoyennes sans passeport suisse remplissent les conditions de la Conf&eacute;d&eacute;ration pour la naturalisation. Cependant, seuls environ 40&#8217;000 d&#8217;entre elles et eux subissent chaque ann&eacute;e la proc&eacute;dure de naturalisation d&eacute;gradante et co&ucirc;teuse (<a href=\"https:\/\/www.bfs.admin.ch\/bfsstatic\/dam\/assets\/15022042\/master\">plus d&#8217;informations ici<\/a>).<\/p><\/p>\n\t\t\t\t\t\t\t\t<\/div>\n\t\t\t\t<\/div>\n\t\t\t\t<div class=\"elementor-element elementor-element-62f6b368d8fdf elementor-widget elementor-widget-spps_button_list\" data-id=\"62f6b368d8fdf\" data-element_type=\"widget\" data-widget_type=\"spps_button_list.default\">\n\t\t\t\t<div class=\"elementor-widget-container\">\n\t\t\t\t\t<div class=\"button-list-wrapper wrapper-spacing-small  \"><div class=\"button-list-container\"><div class=\"button-list-items\"><div class=\"button-list-item\"><div class=\"button-wrapper \"><a href=\"https:\/\/www.sp-ps.ch\/de\/publikationen\/espress\/es-ist-zeit-fuer-das-stimmrechtsalter-16\"  target=\"_self\" class=\"button-link button-link-default\" >Blog : Il est temps de voter \u00e0 16 ans<span class=\"button-media-date\">30.04.2026<\/span><\/a><\/div><\/div><div class=\"button-list-item\"><div class=\"button-wrapper \"><a href=\"https:\/\/campusdemokratie.ch\/fr\/projets\/\"  target=\"_self\" class=\"button-link button-link-default\" >Campus D\u00e9mocratie, les projets<span class=\"button-media-date\">30.04.2026<\/span><\/a><\/div><\/div><div class=\"button-list-item\"><div class=\"button-wrapper \"><a href=\"https:\/\/www.bfs.admin.ch\/bfs\/fr\/home\/statistiques\/population\/migration-integration\/indicateurs-integration\/indicateurs\/communes-cantons-droit.html\"  target=\"_self\" class=\"button-link button-link-default\" >Cartes de synth\u00e8se de l'Office f\u00e9d\u00e9ral de la statistique<span class=\"button-media-date\">30.04.2026<\/span><\/a><\/div><\/div><div class=\"button-list-item\"><div class=\"button-wrapper \"><a href=\"https:\/\/www.ekm.admin.ch\/ekm\/de\/home\/projekte\/citoyen.html\"  target=\"_self\" class=\"button-link button-link-default\" >Commission f\u00e9d\u00e9rale de migration, programme 'citoyennet\u00e9'<span class=\"button-media-date\">30.04.2026<\/span><\/a><\/div><\/div><div class=\"button-list-item\"><div class=\"button-wrapper \"><a href=\"https:\/\/www.sp-ps.ch\/wp-content\/uploads\/2021\/01\/pa.iv_atici_droit-de-vote_0.pdf\"  target=\"_self\" class=\"button-link button-link-default\" >Conseiller national Mustafa Atici, initiative parlamentaire 'droit de vote pour toutes et tous'<span class=\"button-media-date\">30.04.2026<\/span><\/a><\/div><\/div><div class=\"button-list-item\"><div class=\"button-wrapper \"><a href=\"https:\/\/www.parlament.ch\/press-releases\/Pages\/mm-spk-s-2020-02-02-a.aspx?lang=1036\"  target=\"_self\" class=\"button-link button-link-default\" >Donner une chance au droit de vote \u00e0 16 ans<span class=\"button-media-date\">30.04.2026<\/span><\/a><\/div><\/div><div class=\"button-list-item\"><div class=\"button-wrapper \"><a href=\"https:\/\/droitdevotepourtoutesettous.ch\"  target=\"_self\" class=\"button-link button-link-default\" >P\u00e9tition 'droit de vote pour toutes et tous'<span class=\"button-media-date\">30.04.2026<\/span><\/a><\/div><\/div><div class=\"button-list-item\"><div class=\"button-wrapper \"><a href=\"https:\/\/www.sp-ps.ch\/wp-content\/uploads\/2017\/06\/resolution_droits-politiques_ps-migrant-e-s-suisse_f.pdf\"  target=\"_self\" class=\"button-link button-link-default\" >R\u00e9solution 'Droits politiques complets pour tou-te-s'<span class=\"button-media-date\">30.04.2026<\/span><\/a><\/div><\/div><\/div><\/div><\/div>\t\t\t\t<\/div>\n\t\t\t\t<\/div>\n\t\t\t\t\t<\/div>\n\t\t<\/div>\n\t\t\t\t\t<\/div>\n\t\t<\/section>\n\t\t\t\t<\/div>\n\t\t","protected":false},"excerpt":{"rendered":"<p>Droit de vote pour toutes et tous : o\u00f9 en sommes-nous dans les cantons ? Quelles sont les demandes en cours de discussion ?<\/p>\n","protected":false},"author":1,"featured_media":64551,"parent":0,"menu_order":0,"comment_status":"open","ping_status":"closed","template":"","meta":{"footnotes":""},"class_list":["post-67333","page","type-page","status-publish","has-post-thumbnail","hentry"],"_links":{"self":[{"href":"https:\/\/www.sp-ps.ch\/fr\/wp-json\/wp\/v2\/pages\/67333","targetHints":{"allow":["GET"]}}],"collection":[{"href":"https:\/\/www.sp-ps.ch\/fr\/wp-json\/wp\/v2\/pages"}],"about":[{"href":"https:\/\/www.sp-ps.ch\/fr\/wp-json\/wp\/v2\/types\/page"}],"author":[{"embeddable":true,"href":"https:\/\/www.sp-ps.ch\/fr\/wp-json\/wp\/v2\/users\/1"}],"replies":[{"embeddable":true,"href":"https:\/\/www.sp-ps.ch\/fr\/wp-json\/wp\/v2\/comments?post=67333"}],"version-history":[{"count":0,"href":"https:\/\/www.sp-ps.ch\/fr\/wp-json\/wp\/v2\/pages\/67333\/revisions"}],"wp:featuredmedia":[{"embeddable":true,"href":"https:\/\/www.sp-ps.ch\/fr\/wp-json\/wp\/v2\/media\/64551"}],"wp:attachment":[{"href":"https:\/\/www.sp-ps.ch\/fr\/wp-json\/wp\/v2\/media?parent=67333"}],"curies":[{"name":"wp","href":"https:\/\/api.w.org\/{rel}","templated":true}]}}