{"id":67369,"date":"2014-12-16T15:31:43","date_gmt":"2014-12-16T14:31:43","guid":{"rendered":"https:\/\/test.sp-ps.ch\/section-internationale-du-ps\/"},"modified":"2014-12-16T15:31:43","modified_gmt":"2014-12-16T14:31:43","slug":"section-internationale-du-ps","status":"publish","type":"page","link":"https:\/\/www.sp-ps.ch\/fr\/section-internationale-du-ps\/","title":{"rendered":"Section internationale du PS"},"content":{"rendered":"\t\t<div data-elementor-type=\"wp-post\" data-elementor-id=\"67369\" class=\"elementor elementor-67369\" data-elementor-post-type=\"page\">\n\t\t\t\t\t\t<section class=\"elementor-section elementor-top-section elementor-element elementor-element-62f6b39b5a3b0 elementor-section-boxed elementor-section-height-default elementor-section-height-default\" data-id=\"62f6b39b5a3b0\" data-element_type=\"section\" data-settings=\"{&quot;jet_parallax_layout_list&quot;:[],&quot;background_background&quot;:&quot;classic&quot;}\">\n\t\t\t\t\t\t<div class=\"elementor-container elementor-column-gap-wide\">\n\t\t\t\t\t<div class=\"elementor-column elementor-col-100 elementor-top-column elementor-element elementor-element-62f6b39b5a3b1\" data-id=\"62f6b39b5a3b1\" data-element_type=\"column\">\n\t\t\t<div class=\"elementor-widget-wrap elementor-element-populated\">\n\t\t\t\t\t\t<div class=\"elementor-element elementor-element-62f6b39b5a2f6 elementor-widget elementor-widget-heading\" data-id=\"62f6b39b5a2f6\" data-element_type=\"widget\" data-widget_type=\"heading.default\">\n\t\t\t\t<div class=\"elementor-widget-container\">\n\t\t\t\t\t<h1 class=\"elementor-heading-title elementor-size-default\">Section internationale du PS<\/h1>\t\t\t\t<\/div>\n\t\t\t\t<\/div>\n\t\t\t\t<div class=\"elementor-element elementor-element-62f6b39b5a391 elementor-widget elementor-widget-jet-breadcrumbs\" data-id=\"62f6b39b5a391\" data-element_type=\"widget\" data-widget_type=\"jet-breadcrumbs.default\">\n\t\t\t\t<div class=\"elementor-widget-container\">\n\t\t\t\t\t<div class=\"elementor-jet-breadcrumbs jet-blocks\">\n\t\t<div class=\"jet-breadcrumbs\">\n\t\t<div class=\"jet-breadcrumbs__content\">\n\t\t<div class=\"jet-breadcrumbs__wrap\">\n\t\t<\/div>\n\t\t<\/div>\n\t\t<\/div><\/div>\t\t\t\t<\/div>\n\t\t\t\t<\/div>\n\t\t\t\t<div class=\"elementor-element elementor-element-62f6b39b5a3ad elementor-widget__width-initial elementor-widget elementor-widget-text-editor\" data-id=\"62f6b39b5a3ad\" data-element_type=\"widget\" data-widget_type=\"text-editor.default\">\n\t\t\t\t<div class=\"elementor-widget-container\">\n\t\t\t\t\t\t\t\t\tLes membres du PS vivant \u00e0 l\u2019\u00e9tranger, en expatriation temporaire ou durable se regroupent dans la section internationale du PS Suisse. Le PS Suisse international (abr\u00e9g\u00e9 : Le PS international) cr\u00e9e un lien fort entre les membres PS du monde entier et les membres de l\u2019int\u00e9rieur. Le PS accorde une grande importance aux droits politiques des Suissesses et Suisses de l\u2019\u00e9tranger, leurs activ\u00e9s et int\u00e9r\u00eats.\t\t\t\t\t\t\t\t<\/div>\n\t\t\t\t<\/div>\n\t\t\t\t\t<\/div>\n\t\t<\/div>\n\t\t\t\t\t<\/div>\n\t\t<\/section>\n\t\t\t\t<section class=\"elementor-section elementor-top-section elementor-element elementor-element-62f6b39b5a3b3 elementor-section-boxed elementor-section-height-default elementor-section-height-default\" data-id=\"62f6b39b5a3b3\" data-element_type=\"section\" data-settings=\"{&quot;jet_parallax_layout_list&quot;:[]}\">\n\t\t\t\t\t\t<div class=\"elementor-container elementor-column-gap-default\">\n\t\t\t\t\t<div class=\"elementor-column elementor-col-100 elementor-top-column elementor-element elementor-element-62f6b39b5a3b4\" data-id=\"62f6b39b5a3b4\" data-element_type=\"column\">\n\t\t\t<div class=\"elementor-widget-wrap elementor-element-populated\">\n\t\t\t\t\t\t<div class=\"elementor-element elementor-element-62f6b39b5a3b5 elementor-widget elementor-widget-spacer\" data-id=\"62f6b39b5a3b5\" data-element_type=\"widget\" data-widget_type=\"spacer.default\">\n\t\t\t\t<div class=\"elementor-widget-container\">\n\t\t\t\t\t\t\t<div class=\"elementor-spacer\">\n\t\t\t<div class=\"elementor-spacer-inner\"><\/div>\n\t\t<\/div>\n\t\t\t\t\t\t<\/div>\n\t\t\t\t<\/div>\n\t\t\t\t\t<\/div>\n\t\t<\/div>\n\t\t\t\t\t<\/div>\n\t\t<\/section>\n\t\t\t\t<section class=\"elementor-section elementor-top-section elementor-element elementor-element-62f6b39b5a3b8 elementor-section-boxed elementor-section-height-default elementor-section-height-default\" data-id=\"62f6b39b5a3b8\" data-element_type=\"section\" data-settings=\"{&quot;jet_parallax_layout_list&quot;:[]}\">\n\t\t\t\t\t\t<div class=\"elementor-container elementor-column-gap-no\">\n\t\t\t\t\t<div class=\"elementor-column elementor-col-100 elementor-top-column elementor-element elementor-element-62f6b39b5a3b9\" data-id=\"62f6b39b5a3b9\" data-element_type=\"column\">\n\t\t\t<div class=\"elementor-widget-wrap elementor-element-populated\">\n\t\t\t\t\t\t<div class=\"elementor-element elementor-element-62f6b39a21c37 elementor-widget elementor-widget-text-editor\" data-id=\"62f6b39a21c37\" data-element_type=\"widget\" data-widget_type=\"text-editor.default\">\n\t\t\t\t<div class=\"elementor-widget-container\">\n\t\t\t\t\t\t\t\t\t<p>La Section internationale du PS Suisse a ceci de particulier qu&#8217;elle d&eacute;pend directement du parti suisse, &agrave; l&#8217;instar des partis cantonaux. La Section internationale a le droit d&#8217;&ecirc;tre repr&eacute;sent&eacute;e et de faire des propositions aussi bien au Congr&egrave;s du parti que lors de l&#8217;Assembl&eacute;e des d&eacute;l&eacute;gu&eacute;s. L&#8217;assembl&eacute;e g&eacute;n&eacute;rale de la Section internationale a lieu une fois par an. Entre temps, les membres du PS Suisse communiquent notamment par voie &eacute;lectronique. Le comit&eacute; est responsable des affaires courantes.<ul>\t<li>Co-pr&eacute;sidente : <strong><a href=\"mailto:antennaitaliana.pss@gmail.com\">Ga&euml;lle Courtens<\/a><\/strong>, pr&eacute;sidente antenna PS italiana, Rome<\/li>\t<li>Co-pr&eacute;sident :&nbsp;<strong><a href=\"mailto:pabolomey@bluewin.ch\">Pierre-Alain Bolomey<\/a><\/strong>, Chamoson<\/li>\t<li>Les <strong><a href=\"https:\/\/www.sp-ps.ch\/wp-content\/uploads\/2022\/06\/sp-int-gv-vorstand-per-2021-2023_df_11.pdf\">membres du comit&eacute;e<\/a> <\/strong>2021-2023<\/li>\t<li>Secr&eacute;taire&nbsp;:&nbsp;<strong><a href=\"mailto:sandro.liniger@spschweiz.ch\">Sandro Liniger<\/a><\/strong>, Constance<\/li><\/ul><p><a href=\"http:\/\/www.sp-ps.ch\/fr\/autres-points-de-contact\">Autres personnes de contact de la section international <\/a>du PS Suisse se trouvent sur tous les cinq continents.<\/p><p>Voir la page de Facebook <a href=\"https:\/\/www.facebook.com\/PS-Suisse-Section-Internationale-121543134712916\/\">PS Suisse-Section international<\/a> \/ <a href=\"https:\/\/www.facebook.com\/pssuisse.bru\/\">Parti socialiste suisse &#8211; antenne Bruxelles<\/a>&nbsp;\/ <a href=\"https:\/\/www.facebook.com\/spschweiz.international?fref=ts\">SP Schweiz International<\/a><\/p><\/p>\n\t\t\t\t\t\t\t\t<\/div>\n\t\t\t\t<\/div>\n\t\t\t\t<div class=\"elementor-element elementor-element-62f6b39b562a7 elementor-widget elementor-widget-spps_button_list\" data-id=\"62f6b39b562a7\" data-element_type=\"widget\" data-widget_type=\"spps_button_list.default\">\n\t\t\t\t<div class=\"elementor-widget-container\">\n\t\t\t\t\t<div class=\"button-list-wrapper wrapper-spacing-small  \"><div class=\"button-list-title\"><h3>Les documents principaux du PS International<\/h3><\/div><div class=\"button-list-container\"><div class=\"button-list-items\"><div class=\"button-list-item\"><div class=\"button-wrapper \"><a href=\"https:\/\/www.sp-ps.ch\/wp-content\/uploads\/2022\/06\/sp_international_flyer_web.pdf\"  target=\"_self\" class=\"button-link button-link-default\" >Flyer de la section internationale en allemand<span class=\"button-media-date\">30.04.2026<\/span><\/a><\/div><\/div><div class=\"button-list-item\"><div class=\"button-wrapper \"><a href=\"https:\/\/www.sp-ps.ch\/wp-content\/uploads\/2022\/06\/ps_international_flyer_web.pdf\"  target=\"_self\" class=\"button-link button-link-default\" >Flyer de la section internationale en fran\u00e7ais<span class=\"button-media-date\">30.04.2026<\/span><\/a><\/div><\/div><div class=\"button-list-item\"><div class=\"button-wrapper \"><a href=\"https:\/\/www.sp-ps.ch\/wp-content\/uploads\/2022\/06\/ps_internazionale_flyer_web.pdf\"  target=\"_self\" class=\"button-link button-link-default\" >Flyer de la section internationale en italien<span class=\"button-media-date\">30.04.2026<\/span><\/a><\/div><\/div><div class=\"button-list-item\"><div class=\"button-wrapper \"><a href=\"https:\/\/www.sp-ps.ch\/wp-content\/uploads\/2022\/06\/ps-int-ag-invitation_2019-05-25_f.pdf\"  target=\"_self\" class=\"button-link button-link-default\" >Invitation \u00e0 l'Assembl\u00e9e g\u00e9n\u00e9rale 2019 \u00e0 Berne<span class=\"button-media-date\">30.04.2026<\/span><\/a><\/div><\/div><div class=\"button-list-item\"><div class=\"button-wrapper \"><a href=\"https:\/\/www.sp-ps.ch\/wp-content\/uploads\/2022\/06\/sp-int-gv-vorstand-per-2021-2023_df_11.pdf\"  target=\"_self\" class=\"button-link button-link-default\" >Les membres du comit\u00e9 2021-2023<span class=\"button-media-date\">30.04.2026<\/span><\/a><\/div><\/div><div class=\"button-list-item\"><div class=\"button-wrapper \"><a href=\"https:\/\/www.sp-ps.ch\/wp-content\/uploads\/2022\/06\/statuts-ps-international_f_1.pdf\"  target=\"_self\" class=\"button-link button-link-default\" >Les statuts du PS International<span class=\"button-media-date\">30.04.2026<\/span><\/a><\/div><\/div><div class=\"button-list-item\"><div class=\"button-wrapper \"><a href=\"https:\/\/www.sp-ps.ch\/wp-content\/uploads\/2022\/06\/ps-int-ag-proces-verbal_2019-05-25_f_0.pdf\"  target=\"_self\" class=\"button-link button-link-default\" >PS International, Proc\u00e8s-verbal de l'Assembl\u00e9e g\u00e9n\u00e9rale 2019<span class=\"button-media-date\">30.04.2026<\/span><\/a><\/div><\/div><div class=\"button-list-item\"><div class=\"button-wrapper \"><a href=\"https:\/\/www.sp-ps.ch\/wp-content\/uploads\/2022\/06\/ps-international_evaluation-campagne-electorale-2019_fr.pdf\"  target=\"_self\" class=\"button-link button-link-default\" >PS International, \u00e9valuation de la campagne \u00e9lectorale de 2019<span class=\"button-media-date\">30.04.2026<\/span><\/a><\/div><\/div><div class=\"button-list-item\"><div class=\"button-wrapper \"><a href=\"https:\/\/www.sp-ps.ch\/wp-content\/uploads\/2022\/06\/ps-int-am-proces-verbal-des-decisions_2021-04-24_f_3.pdf\"  target=\"_self\" class=\"button-link button-link-default\" >Proc\u00e8s-verbal de l'Assembl\u00e9e des membres du 24 avril 2021<span class=\"button-media-date\">30.04.2026<\/span><\/a><\/div><\/div><div class=\"button-list-item\"><div class=\"button-wrapper \"><a href=\"https:\/\/www.sp-ps.ch\/wp-content\/uploads\/2022\/06\/ps-int-ag-proces-verbal_16-04-16_f.pdf\"  target=\"_self\" class=\"button-link button-link-default\" >Proc\u00e8s-verbal de l'Assembl\u00e9e g\u00e9n\u00e9rale 2016 \u00e0 La Chaux-de-Fonds<span class=\"button-media-date\">30.04.2026<\/span><\/a><\/div><\/div><div class=\"button-list-item\"><div class=\"button-wrapper \"><a href=\"https:\/\/www.sp-ps.ch\/wp-content\/uploads\/2022\/06\/ps-int-ag-proces-verbal_2018-06-23_f_1.pdf\"  target=\"_self\" class=\"button-link button-link-default\" >Proc\u00e8s-verbal de l'Assembl\u00e9e g\u00e9n\u00e9rale 2018 \u00e0 Lausanne<span class=\"button-media-date\">30.04.2026<\/span><\/a><\/div><\/div><div class=\"button-list-item\"><div class=\"button-wrapper \"><a href=\"https:\/\/www.sp-ps.ch\/wp-content\/uploads\/2022\/06\/ps-int-ag-proces-verbal_2020-12-05_f.pdf\"  target=\"_self\" class=\"button-link button-link-default\" >Proc\u00e8s-verbal de l'Assembl\u00e9e g\u00e9n\u00e9rale 2020 en ligne<span class=\"button-media-date\">30.04.2026<\/span><\/a><\/div><\/div><div class=\"button-list-item\"><div class=\"button-wrapper \"><a href=\"https:\/\/www.sp-ps.ch\/wp-content\/uploads\/2022\/06\/ps-int-rapport-2021_f_0.pdf\"  target=\"_self\" class=\"button-link button-link-default\" >Rapport d'activit\u00e9 premier trimestre 2021<span class=\"button-media-date\">30.04.2026<\/span><\/a><\/div><\/div><div class=\"button-list-item\"><div class=\"button-wrapper \"><a href=\"https:\/\/www.sp-ps.ch\/wp-content\/uploads\/2022\/06\/ps-int-rapport-des-activites_15_f.pdf\"  target=\"_self\" class=\"button-link button-link-default\" >Rapport des activit\u00e9s du PS International en 2015<span class=\"button-media-date\">30.04.2026<\/span><\/a><\/div><\/div><div class=\"button-list-item\"><div class=\"button-wrapper \"><a href=\"https:\/\/www.sp-ps.ch\/wp-content\/uploads\/2022\/06\/ps-int-rapport-2016-2017_f.pdf\"  target=\"_self\" class=\"button-link button-link-default\" >Rapport des activit\u00e9s du PS International en 2016-2017<span class=\"button-media-date\">30.04.2026<\/span><\/a><\/div><\/div><div class=\"button-list-item\"><div class=\"button-wrapper \"><a href=\"https:\/\/www.sp-ps.ch\/wp-content\/uploads\/2022\/06\/ps-int-rapport-2018-2020_f_0.pdf\"  target=\"_self\" class=\"button-link button-link-default\" >Rapport des activit\u00e9s du PS International en 2018-2020<span class=\"button-media-date\">30.04.2026<\/span><\/a><\/div><\/div><\/div><\/div><\/div>\t\t\t\t<\/div>\n\t\t\t\t<\/div>\n\t\t\t\t<div class=\"elementor-element elementor-element-62f6b39b562be elementor-widget elementor-widget-spps_button_list\" data-id=\"62f6b39b562be\" data-element_type=\"widget\" data-widget_type=\"spps_button_list.default\">\n\t\t\t\t<div class=\"elementor-widget-container\">\n\t\t\t\t\t<div class=\"button-list-wrapper wrapper-spacing-small  \"><div class=\"button-list-title\"><h3>Commander des tracts <\/h3><\/div><div class=\"button-list-container\"><div class=\"button-list-items\"><div class=\"button-list-item\"><div class=\"button-wrapper \"><a href=\"mailto:sandro.liniger@spschweiz.ch\"  target=\"_self\" class=\"button-link button-link-default\" >Commander des tracts<span class=\"button-media-date\">30.04.2026<\/span><\/a><\/div><\/div><\/div><\/div><\/div>\t\t\t\t<\/div>\n\t\t\t\t<\/div>\n\t\t\t\t\t<\/div>\n\t\t<\/div>\n\t\t\t\t\t<\/div>\n\t\t<\/section>\n\t\t\t\t<\/div>\n\t\t","protected":false},"excerpt":{"rendered":"","protected":false},"author":1,"featured_media":64886,"parent":0,"menu_order":0,"comment_status":"open","ping_status":"closed","template":"","meta":{"footnotes":""},"class_list":["post-67369","page","type-page","status-publish","has-post-thumbnail","hentry"],"_links":{"self":[{"href":"https:\/\/www.sp-ps.ch\/fr\/wp-json\/wp\/v2\/pages\/67369","targetHints":{"allow":["GET"]}}],"collection":[{"href":"https:\/\/www.sp-ps.ch\/fr\/wp-json\/wp\/v2\/pages"}],"about":[{"href":"https:\/\/www.sp-ps.ch\/fr\/wp-json\/wp\/v2\/types\/page"}],"author":[{"embeddable":true,"href":"https:\/\/www.sp-ps.ch\/fr\/wp-json\/wp\/v2\/users\/1"}],"replies":[{"embeddable":true,"href":"https:\/\/www.sp-ps.ch\/fr\/wp-json\/wp\/v2\/comments?post=67369"}],"version-history":[{"count":0,"href":"https:\/\/www.sp-ps.ch\/fr\/wp-json\/wp\/v2\/pages\/67369\/revisions"}],"wp:featuredmedia":[{"embeddable":true,"href":"https:\/\/www.sp-ps.ch\/fr\/wp-json\/wp\/v2\/media\/64886"}],"wp:attachment":[{"href":"https:\/\/www.sp-ps.ch\/fr\/wp-json\/wp\/v2\/media?parent=67369"}],"curies":[{"name":"wp","href":"https:\/\/api.w.org\/{rel}","templated":true}]}}