{"id":67393,"date":"2021-09-17T00:00:00","date_gmt":"2021-09-16T22:00:00","guid":{"rendered":"https:\/\/test.sp-ps.ch\/reseau-afghanistan-du-ps-migrant-e-s\/"},"modified":"2023-08-21T15:27:13","modified_gmt":"2023-08-21T13:27:13","slug":"reseau-afghanistan-du-ps-migrant-e-s","status":"publish","type":"page","link":"https:\/\/www.sp-ps.ch\/fr\/reseau-afghanistan-du-ps-migrant-e-s\/","title":{"rendered":"R\u00e9seau Afghanistan du PS Migrant-e-s"},"content":{"rendered":"\t\t<div data-elementor-type=\"wp-post\" data-elementor-id=\"67393\" class=\"elementor elementor-67393 elementor-66941\" data-elementor-post-type=\"page\">\n\t\t\t\t\t\t<section class=\"elementor-section elementor-top-section elementor-element elementor-element-62f6b3b9b7119 elementor-section-boxed elementor-section-height-default elementor-section-height-default\" data-id=\"62f6b3b9b7119\" data-element_type=\"section\" data-settings=\"{&quot;jet_parallax_layout_list&quot;:[],&quot;background_background&quot;:&quot;classic&quot;}\">\n\t\t\t\t\t\t<div class=\"elementor-container elementor-column-gap-wide\">\n\t\t\t\t\t<div class=\"elementor-column elementor-col-100 elementor-top-column elementor-element elementor-element-62f6b3b9b711a\" data-id=\"62f6b3b9b711a\" data-element_type=\"column\">\n\t\t\t<div class=\"elementor-widget-wrap elementor-element-populated\">\n\t\t\t\t\t\t<div class=\"elementor-element elementor-element-62f6b3b9b7090 elementor-widget elementor-widget-heading\" data-id=\"62f6b3b9b7090\" data-element_type=\"widget\" data-widget_type=\"heading.default\">\n\t\t\t\t<div class=\"elementor-widget-container\">\n\t\t\t\t\t<h1 class=\"elementor-heading-title elementor-size-default\">R\u00e9seau Afghanistan du PS Migrant-e-s<\/h1>\t\t\t\t<\/div>\n\t\t\t\t<\/div>\n\t\t\t\t<div class=\"elementor-element elementor-element-62f6b3b9b70ff elementor-widget elementor-widget-jet-breadcrumbs\" data-id=\"62f6b3b9b70ff\" data-element_type=\"widget\" data-widget_type=\"jet-breadcrumbs.default\">\n\t\t\t\t<div class=\"elementor-widget-container\">\n\t\t\t\t\t<div class=\"elementor-jet-breadcrumbs jet-blocks\">\n\t\t<div class=\"jet-breadcrumbs\">\n\t\t<div class=\"jet-breadcrumbs__content\">\n\t\t<div class=\"jet-breadcrumbs__wrap\">\n\t\t<\/div>\n\t\t<\/div>\n\t\t<\/div><\/div>\t\t\t\t<\/div>\n\t\t\t\t<\/div>\n\t\t\t\t<div class=\"elementor-element elementor-element-62f6b3b9b7116 elementor-widget__width-initial elementor-widget elementor-widget-text-editor\" data-id=\"62f6b3b9b7116\" data-element_type=\"widget\" data-widget_type=\"text-editor.default\">\n\t\t\t\t<div class=\"elementor-widget-container\">\n\t\t\t\t\t\t\t\t\tNous sommes toutes et tous profond\u00e9ment pr\u00e9occup\u00e9s par les \u00e9v\u00e9nements en Afghanistan. Le comit\u00e9 directeur du PS Migrant-e-s a donc organiser une r\u00e9union de mise en r\u00e9seau des Afghans en Suisse pour discuter de la situation actuelle et de leurs besoins.\t\t\t\t\t\t\t\t<\/div>\n\t\t\t\t<\/div>\n\t\t\t\t\t<\/div>\n\t\t<\/div>\n\t\t\t\t\t<\/div>\n\t\t<\/section>\n\t\t\t\t<section class=\"elementor-section elementor-top-section elementor-element elementor-element-62f6b3b9b711c elementor-section-boxed elementor-section-height-default elementor-section-height-default\" data-id=\"62f6b3b9b711c\" data-element_type=\"section\" data-settings=\"{&quot;jet_parallax_layout_list&quot;:[]}\">\n\t\t\t\t\t\t<div class=\"elementor-container elementor-column-gap-default\">\n\t\t\t\t\t<div class=\"elementor-column elementor-col-100 elementor-top-column elementor-element elementor-element-62f6b3b9b711e\" data-id=\"62f6b3b9b711e\" data-element_type=\"column\">\n\t\t\t<div class=\"elementor-widget-wrap elementor-element-populated\">\n\t\t\t\t\t\t<div class=\"elementor-element elementor-element-62f6b3b9b711f elementor-widget elementor-widget-spacer\" data-id=\"62f6b3b9b711f\" data-element_type=\"widget\" data-widget_type=\"spacer.default\">\n\t\t\t\t<div class=\"elementor-widget-container\">\n\t\t\t\t\t\t\t<div class=\"elementor-spacer\">\n\t\t\t<div class=\"elementor-spacer-inner\"><\/div>\n\t\t<\/div>\n\t\t\t\t\t\t<\/div>\n\t\t\t\t<\/div>\n\t\t\t\t\t<\/div>\n\t\t<\/div>\n\t\t\t\t\t<\/div>\n\t\t<\/section>\n\t\t\t\t<section class=\"elementor-section elementor-top-section elementor-element elementor-element-62f6b3b9b7122 elementor-section-boxed elementor-section-height-default elementor-section-height-default\" data-id=\"62f6b3b9b7122\" data-element_type=\"section\" data-settings=\"{&quot;jet_parallax_layout_list&quot;:[]}\">\n\t\t\t\t\t\t<div class=\"elementor-container elementor-column-gap-no\">\n\t\t\t\t\t<div class=\"elementor-column elementor-col-100 elementor-top-column elementor-element elementor-element-62f6b3b9b7123\" data-id=\"62f6b3b9b7123\" data-element_type=\"column\">\n\t\t\t<div class=\"elementor-widget-wrap elementor-element-populated\">\n\t\t\t\t\t\t<div class=\"elementor-element elementor-element-62f6b3b981e3d elementor-widget elementor-widget-text-editor\" data-id=\"62f6b3b981e3d\" data-element_type=\"widget\" data-widget_type=\"text-editor.default\">\n\t\t\t\t<div class=\"elementor-widget-container\">\n\t\t\t\t\t\t\t\t\t<h4>R\u00e9union du 20 septembre 2021 au palais f\u00e9d\u00e9ral \u00e0 Berne<\/h4><p><strong>La situation en Afghanistan<\/strong><br \/>Navid Majidi, PS Migrant-es B\u00e2le<br \/>Safiullah Shahid, d\u00e9l\u00e9gu\u00e9 du PS Migrant-es Lucerne<\/p><p><strong>La situation et les besoins des Afghans en Suisse<\/strong><br \/>Aresu Rabbani, comit\u00e9 du PS Migrant-es Zurich<\/p><p><strong>Discussion: les demandes du PS au Conseil f\u00e9d\u00e9ral et aux cantons<\/strong><br \/>Conseiller national Mustafa Atici, pr\u00e9sident du PS Migrant-es Suisse<\/p><p>Les nombreuses personnes pr\u00e9sentes ont mis en place un <strong>comit\u00e9 de coordination<\/strong>. L&#8217;objectif est de poursuivre le travail de mise en r\u00e9seau et de concr\u00e9tiser nos revendications politiques. Contact : Lara Can, secr\u00e9taire du PS Migrant-es suisse.<\/p>\t\t\t\t\t\t\t\t<\/div>\n\t\t\t\t<\/div>\n\t\t\t\t<div class=\"elementor-element elementor-element-62f6b3b9b3562 elementor-widget elementor-widget-spps_button_list\" data-id=\"62f6b3b9b3562\" data-element_type=\"widget\" data-widget_type=\"spps_button_list.default\">\n\t\t\t\t<div class=\"elementor-widget-container\">\n\t\t\t\t\t<div class=\"button-list-wrapper wrapper-spacing-small  \"><div class=\"button-list-container\"><div class=\"button-list-items\"><div class=\"button-list-item\"><div class=\"button-wrapper \"><a href=\"https:\/\/www.parlament.ch\/fr\/ratsbetrieb\/suche-curia-vista\/geschaeft?AffairId=20214158\"  target=\"_self\" class=\"button-link button-link-default\" >Accro\u00eetre les chances des immigr\u00e9s hautement qualifi\u00e9s de se former et de trouver un emploi de qualit\u00e9. Ip. du CN Mustafa Atici<span class=\"button-media-date\">02.05.2026<\/span><\/a><\/div><\/div><div class=\"button-list-item\"><div class=\"button-wrapper \"><a href=\"https:\/\/www.sp-ps.ch\/wp-content\/uploads\/2021\/09\/ps-migr_afghanistan-plan-d-action.pdf\"  target=\"_self\" class=\"button-link button-link-default\" >Afghanistan - plan d'actions du PS Migrant-es en 15 points<span class=\"button-media-date\">02.05.2026<\/span><\/a><\/div><\/div><div class=\"button-list-item\"><div class=\"button-wrapper \"><a href=\"https:\/\/www.parlament.ch\/fr\/ratsbetrieb\/suche-curia-vista\/geschaeft?AffairId=20217797\"  target=\"_self\" class=\"button-link button-link-default\" >Afghanistan : l'engagement multilat\u00e9ral de la Suisse, question de la Conseill\u00e8re nationale PS Brigitte Crottaz<span class=\"button-media-date\">02.05.2026<\/span><\/a><\/div><\/div><div class=\"button-list-item\"><div class=\"button-wrapper \"><a href=\"https:\/\/www.parlament.ch\/fr\/ratsbetrieb\/suche-curia-vista\/geschaeft?AffairId=20217944\"  target=\"_self\" class=\"button-link button-link-default\" >Afghanistan : n\u00e9cessit\u00e9 de permettre le regroupement familial, question CN PS Laurence Fehlmann Rielle<span class=\"button-media-date\">02.05.2026<\/span><\/a><\/div><\/div><div class=\"button-list-item\"><div class=\"button-wrapper \"><a href=\"https:\/\/www.parlament.ch\/fr\/ratsbetrieb\/suche-curia-vista\/geschaeft?AffairId=20217703\"  target=\"_self\" class=\"button-link button-link-default\" >Afghanistan. Accueil de r\u00e9fugi\u00e9s, question de la Conseill\u00e8re nationale PS Samira Marti<span class=\"button-media-date\">02.05.2026<\/span><\/a><\/div><\/div><div class=\"button-list-item\"><div class=\"button-wrapper \"><a href=\"https:\/\/www.parlament.ch\/fr\/ratsbetrieb\/suche-curia-vista\/geschaeft?AffairId=20217879\"  target=\"_self\" class=\"button-link button-link-default\" >Afghanistan. Visas humanitaires, question de la Conseill\u00e8re nationale PS Samira Marti<span class=\"button-media-date\">02.05.2026<\/span><\/a><\/div><\/div><div class=\"button-list-item\"><div class=\"button-wrapper \"><a href=\"https:\/\/www.parlament.ch\/fr\/ratsbetrieb\/suche-curia-vista\/geschaeft?AffairId=20217724\"  target=\"_self\" class=\"button-link button-link-default\" >Aide humanitaire en Afghanistan. O\u00f9 va l\u2019argent ? question de la Conseill\u00e8re nationale PS Claudia Friedl<span class=\"button-media-date\">02.05.2026<\/span><\/a><\/div><\/div><div class=\"button-list-item\"><div class=\"button-wrapper \"><a href=\"https:\/\/appel-pour-afghanistan.ch\/\"  target=\"_self\" class=\"button-link button-link-default\" >Appel pour l'Afghanistan - offrons un refuge \u00e0 celles et ceux qui fuient l'Afghanistan<span class=\"button-media-date\">02.05.2026<\/span><\/a><\/div><\/div><div class=\"button-list-item\"><div class=\"button-wrapper \"><a href=\"https:\/\/www.parlament.ch\/fr\/ratsbetrieb\/suche-curia-vista\/geschaeft?AffairId=2021397\"  target=\"_self\" class=\"button-link button-link-default\" >Crise en Afghanistan. Contribution de la Suisse \u00e0 la stabilit\u00e9 et \u00e0 la paix dans la r\u00e9gion, motion CPE-N, Fabian Molina<span class=\"button-media-date\">02.05.2026<\/span><\/a><\/div><\/div><div class=\"button-list-item\"><div class=\"button-wrapper \"><a href=\"https:\/\/www.parlament.ch\/fr\/ratsbetrieb\/suche-curia-vista\/geschaeft?AffairId=20213991\"  target=\"_self\" class=\"button-link button-link-default\" >Interpellation urgente du Group PS, Afghanistan, Conseil national<span class=\"button-media-date\">02.05.2026<\/span><\/a><\/div><\/div><div class=\"button-list-item\"><div class=\"button-wrapper \"><a href=\"https:\/\/www.gr.be.ch\/gr\/fr\/index\/geschaefte\/geschaefte\/suche\/geschaeft.gid-8cb00e7b76ef4a059468f6dbb0bd8f38.html\"  target=\"_self\" class=\"button-link button-link-default\" >La Suisse doit \u00e9largir les conditions d\u2019accueil des personnes fuyant l\u2019Afghanistan, motion PS au Grand Conseil Canton de Berne<span class=\"button-media-date\">02.05.2026<\/span><\/a><\/div><\/div><div class=\"button-list-item\"><div class=\"button-wrapper \"><a href=\"http:\/\/ge.ch\/grandconseil\/data\/loisvotee\/MV02778.pdf\"  target=\"_self\" class=\"button-link button-link-default\" >Motion Afghanistan, approuv\u00e9e par le Grand Conseil Canton den Gen\u00e8ve<span class=\"button-media-date\">02.05.2026<\/span><\/a><\/div><\/div><div class=\"button-list-item\"><div class=\"button-wrapper \"><a href=\"https:\/\/www.parlament.ch\/fr\/ratsbetrieb\/suche-curia-vista\/geschaeft?AffairId=20217646\"  target=\"_self\" class=\"button-link button-link-default\" >Nombre de requ\u00e9rants d\u2019asile en provenance d\u2019Afghanistan et r\u00e9examen des demandes, question CN PS Sandra Locher<span class=\"button-media-date\">02.05.2026<\/span><\/a><\/div><\/div><div class=\"button-list-item\"><div class=\"button-wrapper \"><a href=\"https:\/\/www.parlament.ch\/fr\/ratsbetrieb\/suche-curia-vista\/geschaeft?AffairId=20217744\"  target=\"_self\" class=\"button-link button-link-default\" >Nouveau r\u00e9gime en Afghanistan. Quelle est la strat\u00e9gie du Conseil f\u00e9d\u00e9ral ? question du Conseiller national PS Fabian Molina<span class=\"button-media-date\">02.05.2026<\/span><\/a><\/div><\/div><div class=\"button-list-item\"><div class=\"button-wrapper \"><a href=\"https:\/\/www.parlament.ch\/fr\/ratsbetrieb\/suche-curia-vista\/geschaeft?AffairId=20214460\"  target=\"_self\" class=\"button-link button-link-default\" >Obtention de pi\u00e8ces d'identit\u00e9 (Tazkira) depuis l'\u00e9tranger et mesures de substitution. Interpellation du CN Mustafa Atici<span class=\"button-media-date\">02.05.2026<\/span><\/a><\/div><\/div><div class=\"button-list-item\"><div class=\"button-wrapper \"><a href=\"https:\/\/www.parlament.ch\/fr\/ratsbetrieb\/suche-curia-vista\/geschaeft?AffairId=20217647\"  target=\"_self\" class=\"button-link button-link-default\" >Offres de formation et int\u00e9gration, en particulier pour les mineurs en provenance d\u2019Afghanistan, question CN PS Sandra Locher<span class=\"button-media-date\">02.05.2026<\/span><\/a><\/div><\/div><div class=\"button-list-item\"><div class=\"button-wrapper \"><a href=\"https:\/\/www.sp-ps.ch\/fr\/publications\/communiques-de-presse\/afghanistan-il-faut-agir-concretement\"  target=\"_self\" class=\"button-link button-link-default\" >PS communiqu\u00e9 : Afghanistan \u2013 il faut agir concr\u00e8tement !<span class=\"button-media-date\">02.05.2026<\/span><\/a><\/div><\/div><div class=\"button-list-item\"><div class=\"button-wrapper \"><a href=\"https:\/\/www.sp-ps.ch\/wp-content\/uploads\/2021\/09\/ps-migr_meme-droits-pour-tous-les-refugies-de-guerre_1.pdf\"  target=\"_self\" class=\"button-link button-link-default\" >Prise de position 'Des droits \u00e9gaux et des perspectives viables pour tous les r\u00e9fugi\u00e9s de guerre'<span class=\"button-media-date\">02.05.2026<\/span><\/a><\/div><\/div><div class=\"button-list-item\"><div class=\"button-wrapper \"><a href=\"https:\/\/www.parlament.ch\/fr\/ratsbetrieb\/suche-curia-vista\/geschaeft?AffairId=20217723\"  target=\"_self\" class=\"button-link button-link-default\" >Situation des femmes en Afghanistan, question de la Conseill\u00e8re nationale PS Claudia Friedl<span class=\"button-media-date\">02.05.2026<\/span><\/a><\/div><\/div><div class=\"button-list-item\"><div class=\"button-wrapper \"><a href=\"https:\/\/www.parlament.ch\/fr\/ratsbetrieb\/suche-curia-vista\/geschaeft?AffairId=20217787\"  target=\"_self\" class=\"button-link button-link-default\" >Visas humanitaires facilit\u00e9s pour les Afghan-es, question de la Conseill\u00e8re nationale PS Ada Marra<span class=\"button-media-date\">02.05.2026<\/span><\/a><\/div><\/div><div class=\"button-list-item\"><div class=\"button-wrapper \"><a href=\"https:\/\/www.parlament.ch\/fr\/ratsbetrieb\/suche-curia-vista\/geschaeft?AffairId=20217721\"  target=\"_self\" class=\"button-link button-link-default\" >\u00c9vacuation des ressortissants suisses d\u2019Afghanistan, question de la Conseill\u00e8re nationale PS C\u00e9line Widmer<span class=\"button-media-date\">02.05.2026<\/span><\/a><\/div><\/div><div class=\"button-list-item\"><div class=\"button-wrapper \"><a href=\"https:\/\/www.parlament.ch\/fr\/ratsbetrieb\/suche-curia-vista\/geschaeft?AffairId=20217800\"  target=\"_self\" class=\"button-link button-link-default\" >\u00c9vacuation d\u2019Afghanistan, question de la Conseill\u00e8re nationale PS Franziska Roth<span class=\"button-media-date\">02.05.2026<\/span><\/a><\/div><\/div><\/div><\/div><\/div>\t\t\t\t<\/div>\n\t\t\t\t<\/div>\n\t\t\t\t\t<\/div>\n\t\t<\/div>\n\t\t\t\t\t<\/div>\n\t\t<\/section>\n\t\t\t\t<\/div>\n\t\t","protected":false},"excerpt":{"rendered":"<p>Mise en r\u00e9seau avec les Afghans vivant en Suisse pour discuter la situation en Afghanistan et les pr\u00e9occupations en Suisse.<\/p>\n","protected":false},"author":1,"featured_media":62914,"parent":0,"menu_order":0,"comment_status":"open","ping_status":"closed","template":"","meta":{"footnotes":""},"class_list":["post-67393","page","type-page","status-publish","has-post-thumbnail","hentry"],"_links":{"self":[{"href":"https:\/\/www.sp-ps.ch\/fr\/wp-json\/wp\/v2\/pages\/67393","targetHints":{"allow":["GET"]}}],"collection":[{"href":"https:\/\/www.sp-ps.ch\/fr\/wp-json\/wp\/v2\/pages"}],"about":[{"href":"https:\/\/www.sp-ps.ch\/fr\/wp-json\/wp\/v2\/types\/page"}],"author":[{"embeddable":true,"href":"https:\/\/www.sp-ps.ch\/fr\/wp-json\/wp\/v2\/users\/1"}],"replies":[{"embeddable":true,"href":"https:\/\/www.sp-ps.ch\/fr\/wp-json\/wp\/v2\/comments?post=67393"}],"version-history":[{"count":9,"href":"https:\/\/www.sp-ps.ch\/fr\/wp-json\/wp\/v2\/pages\/67393\/revisions"}],"predecessor-version":[{"id":109446,"href":"https:\/\/www.sp-ps.ch\/fr\/wp-json\/wp\/v2\/pages\/67393\/revisions\/109446"}],"wp:featuredmedia":[{"embeddable":true,"href":"https:\/\/www.sp-ps.ch\/fr\/wp-json\/wp\/v2\/media\/62914"}],"wp:attachment":[{"href":"https:\/\/www.sp-ps.ch\/fr\/wp-json\/wp\/v2\/media?parent=67393"}],"curies":[{"name":"wp","href":"https:\/\/api.w.org\/{rel}","templated":true}]}}