{"id":67621,"date":"2020-08-18T00:00:00","date_gmt":"2020-08-17T22:00:00","guid":{"rendered":"https:\/\/test.sp-ps.ch\/non-a-linitiative-dangereuse-de-limitation-de-ludc-modeles-social-media\/"},"modified":"2020-08-18T00:00:00","modified_gmt":"2020-08-17T22:00:00","slug":"non-a-linitiative-dangereuse-de-limitation-de-ludc-modeles-social-media","status":"publish","type":"page","link":"https:\/\/www.sp-ps.ch\/fr\/non-a-linitiative-dangereuse-de-limitation-de-ludc-modeles-social-media\/","title":{"rendered":"NON \u00e0 l&#8217;initiative dangereuse \u00ab de limitation \u00bb de l\u2019UDC !- Mod\u00e8les Social Media"},"content":{"rendered":"\t\t<div data-elementor-type=\"wp-post\" data-elementor-id=\"67621\" class=\"elementor elementor-67621\" data-elementor-post-type=\"page\">\n\t\t\t\t\t\t<section class=\"elementor-section elementor-top-section elementor-element elementor-element-62f6b4eb5e98f elementor-section-boxed elementor-section-height-default elementor-section-height-default\" data-id=\"62f6b4eb5e98f\" data-element_type=\"section\" data-settings=\"{&quot;jet_parallax_layout_list&quot;:[],&quot;background_background&quot;:&quot;classic&quot;}\">\n\t\t\t\t\t\t<div class=\"elementor-container elementor-column-gap-wide\">\n\t\t\t\t\t<div class=\"elementor-column elementor-col-100 elementor-top-column elementor-element elementor-element-62f6b4eb5e990\" data-id=\"62f6b4eb5e990\" data-element_type=\"column\">\n\t\t\t<div class=\"elementor-widget-wrap elementor-element-populated\">\n\t\t\t\t\t\t<div class=\"elementor-element elementor-element-62f6b4eb5e8b6 elementor-widget elementor-widget-heading\" data-id=\"62f6b4eb5e8b6\" data-element_type=\"widget\" data-widget_type=\"heading.default\">\n\t\t\t\t<div class=\"elementor-widget-container\">\n\t\t\t\t\t<h1 class=\"elementor-heading-title elementor-size-default\">NON \u00e0 l&#8217;initiative dangereuse \u00ab de limitation \u00bb de l\u2019UDC !- Mod\u00e8les Social Media<\/h1>\t\t\t\t<\/div>\n\t\t\t\t<\/div>\n\t\t\t\t<div class=\"elementor-element elementor-element-62f6b4eb5e974 elementor-widget elementor-widget-jet-breadcrumbs\" data-id=\"62f6b4eb5e974\" data-element_type=\"widget\" data-widget_type=\"jet-breadcrumbs.default\">\n\t\t\t\t<div class=\"elementor-widget-container\">\n\t\t\t\t\t<div class=\"elementor-jet-breadcrumbs jet-blocks\">\n\t\t<div class=\"jet-breadcrumbs\">\n\t\t<div class=\"jet-breadcrumbs__content\">\n\t\t<div class=\"jet-breadcrumbs__wrap\">\n\t\t<\/div>\n\t\t<\/div>\n\t\t<\/div><\/div>\t\t\t\t<\/div>\n\t\t\t\t<\/div>\n\t\t\t\t<div class=\"elementor-element elementor-element-62f6b4eb5e98c elementor-widget__width-initial elementor-widget elementor-widget-text-editor\" data-id=\"62f6b4eb5e98c\" data-element_type=\"widget\" data-widget_type=\"text-editor.default\">\n\t\t\t\t<div class=\"elementor-widget-container\">\n\t\t\t\t\t\t\t\t\tNous voterons le 27 septembre sur la dangereuse initiative dite \u00ab de limitation \u00bb de l\u2019UDC. Pour la campagne de votation, le PS Migrant-e-s a produit des mod\u00e8les en huit langues pour distribuer dans les Social Media.\t\t\t\t\t\t\t\t<\/div>\n\t\t\t\t<\/div>\n\t\t\t\t\t<\/div>\n\t\t<\/div>\n\t\t\t\t\t<\/div>\n\t\t<\/section>\n\t\t\t\t<section class=\"elementor-section elementor-top-section elementor-element elementor-element-62f6b4eb5e992 elementor-section-boxed elementor-section-height-default elementor-section-height-default\" data-id=\"62f6b4eb5e992\" data-element_type=\"section\" data-settings=\"{&quot;jet_parallax_layout_list&quot;:[]}\">\n\t\t\t\t\t\t<div class=\"elementor-container elementor-column-gap-default\">\n\t\t\t\t\t<div class=\"elementor-column elementor-col-100 elementor-top-column elementor-element elementor-element-62f6b4eb5e993\" data-id=\"62f6b4eb5e993\" data-element_type=\"column\">\n\t\t\t<div class=\"elementor-widget-wrap elementor-element-populated\">\n\t\t\t\t\t\t<div class=\"elementor-element elementor-element-62f6b4eb5e994 elementor-widget elementor-widget-spacer\" data-id=\"62f6b4eb5e994\" data-element_type=\"widget\" data-widget_type=\"spacer.default\">\n\t\t\t\t<div class=\"elementor-widget-container\">\n\t\t\t\t\t\t\t<div class=\"elementor-spacer\">\n\t\t\t<div class=\"elementor-spacer-inner\"><\/div>\n\t\t<\/div>\n\t\t\t\t\t\t<\/div>\n\t\t\t\t<\/div>\n\t\t\t\t\t<\/div>\n\t\t<\/div>\n\t\t\t\t\t<\/div>\n\t\t<\/section>\n\t\t\t\t<section class=\"elementor-section elementor-top-section elementor-element elementor-element-62f6b4eb5e995 elementor-section-boxed elementor-section-height-default elementor-section-height-default\" data-id=\"62f6b4eb5e995\" data-element_type=\"section\" data-settings=\"{&quot;jet_parallax_layout_list&quot;:[]}\">\n\t\t\t\t\t\t<div class=\"elementor-container elementor-column-gap-no\">\n\t\t\t\t\t<div class=\"elementor-column elementor-col-100 elementor-top-column elementor-element elementor-element-62f6b4eb5e996\" data-id=\"62f6b4eb5e996\" data-element_type=\"column\">\n\t\t\t<div class=\"elementor-widget-wrap elementor-element-populated\">\n\t\t\t\t\t\t<div class=\"elementor-element elementor-element-62f6b4eb59a01 elementor-widget elementor-widget-text-editor\" data-id=\"62f6b4eb59a01\" data-element_type=\"widget\" data-widget_type=\"text-editor.default\">\n\t\t\t\t<div class=\"elementor-widget-container\">\n\t\t\t\t\t\t\t\t\t<p>Les mod&egrave;les peuvent &ecirc;tre t&eacute;l&eacute;charg&eacute;s ici. Il y a trois &agrave; quatre motifs diff&eacute;rents par langue.<\/p>\n\t\t\t\t\t\t\t\t<\/div>\n\t\t\t\t<\/div>\n\t\t\t\t<div class=\"elementor-element elementor-element-62f6b4eb59a88 elementor-widget elementor-widget-spps_button_list\" data-id=\"62f6b4eb59a88\" data-element_type=\"widget\" data-widget_type=\"spps_button_list.default\">\n\t\t\t\t<div class=\"elementor-widget-container\">\n\t\t\t\t\t<div class=\"button-list-wrapper wrapper-spacing-small  \"><div class=\"button-list-container\"><div class=\"button-list-items\"><div class=\"button-list-item\"><div class=\"button-wrapper \"><a href=\"https:\/\/www.sp-ps.ch\/sites\/default\/files\/documents\/sp_migrantinnen_albanisch_1_0.png\"  target=\"_self\" class=\"button-link button-link-default\" >albanais-motif-1<span class=\"button-media-date\">01.05.2026<\/span><\/a><\/div><\/div><div class=\"button-list-item\"><div class=\"button-wrapper \"><a href=\"https:\/\/www.sp-ps.ch\/sites\/default\/files\/documents\/sp_migrantinnen_albanisch_2_0.png\"  target=\"_self\" class=\"button-link button-link-default\" >albanais-motif-2<span class=\"button-media-date\">01.05.2026<\/span><\/a><\/div><\/div><div class=\"button-list-item\"><div class=\"button-wrapper \"><a href=\"https:\/\/www.sp-ps.ch\/sites\/default\/files\/documents\/sp_migrantinnen_albanisch_3_0.png\"  target=\"_self\" class=\"button-link button-link-default\" >albanais-motif-3<span class=\"button-media-date\">01.05.2026<\/span><\/a><\/div><\/div><div class=\"button-list-item\"><div class=\"button-wrapper \"><a href=\"https:\/\/www.sp-ps.ch\/sites\/default\/files\/documents\/slogan_albanisch_0.png\"  target=\"_self\" class=\"button-link button-link-default\" >albanais-slogan<span class=\"button-media-date\">01.05.2026<\/span><\/a><\/div><\/div><div class=\"button-list-item\"><div class=\"button-wrapper \"><a href=\"https:\/\/www.sp-ps.ch\/sites\/default\/files\/documents\/sp_migrantinnen_deutsch_1_0.png\"  target=\"_self\" class=\"button-link button-link-default\" >allemand-motif-1<span class=\"button-media-date\">01.05.2026<\/span><\/a><\/div><\/div><div class=\"button-list-item\"><div class=\"button-wrapper \"><a href=\"https:\/\/www.sp-ps.ch\/sites\/default\/files\/documents\/sp_migrantinnen_deutsch_2_0.png\"  target=\"_self\" class=\"button-link button-link-default\" >allemand-motif-2<span class=\"button-media-date\">01.05.2026<\/span><\/a><\/div><\/div><div class=\"button-list-item\"><div class=\"button-wrapper \"><a href=\"https:\/\/www.sp-ps.ch\/sites\/default\/files\/documents\/sp_migrantinnen_deutsch_3_0.png\"  target=\"_self\" class=\"button-link button-link-default\" >allemand-motif-3<span class=\"button-media-date\">01.05.2026<\/span><\/a><\/div><\/div><div class=\"button-list-item\"><div class=\"button-wrapper \"><a href=\"https:\/\/www.sp-ps.ch\/sites\/default\/files\/documents\/slogan_deutsch_0.png\"  target=\"_self\" class=\"button-link button-link-default\" >allemand-slogan<span class=\"button-media-date\">01.05.2026<\/span><\/a><\/div><\/div><div class=\"button-list-item\"><div class=\"button-wrapper \"><a href=\"https:\/\/www.sp-ps.ch\/sites\/default\/files\/documents\/sp_migrantinnen_englisch_1_0.png\"  target=\"_self\" class=\"button-link button-link-default\" >anglais-motif-1<span class=\"button-media-date\">01.05.2026<\/span><\/a><\/div><\/div><div class=\"button-list-item\"><div class=\"button-wrapper \"><a href=\"https:\/\/www.sp-ps.ch\/sites\/default\/files\/documents\/sp_migrantinnen_englisch_2_0.png\"  target=\"_self\" class=\"button-link button-link-default\" >anglais-motif-2<span class=\"button-media-date\">01.05.2026<\/span><\/a><\/div><\/div><div class=\"button-list-item\"><div class=\"button-wrapper \"><a href=\"https:\/\/www.sp-ps.ch\/sites\/default\/files\/documents\/sp_migrantinnen_englisch_3_0.png\"  target=\"_self\" class=\"button-link button-link-default\" >anglais-motif-3<span class=\"button-media-date\">01.05.2026<\/span><\/a><\/div><\/div><div class=\"button-list-item\"><div class=\"button-wrapper \"><a href=\"https:\/\/www.sp-ps.ch\/sites\/default\/files\/documents\/slogan_englisch_0.png\"  target=\"_self\" class=\"button-link button-link-default\" >anglais-slogan<span class=\"button-media-date\">01.05.2026<\/span><\/a><\/div><\/div><div class=\"button-list-item\"><div class=\"button-wrapper \"><a href=\"https:\/\/www.sp-ps.ch\/sites\/default\/files\/documents\/sp_migrantinnen_spanisch_1_0.png\"  target=\"_self\" class=\"button-link button-link-default\" >espagnol-motif-1<span class=\"button-media-date\">01.05.2026<\/span><\/a><\/div><\/div><div class=\"button-list-item\"><div class=\"button-wrapper \"><a href=\"https:\/\/www.sp-ps.ch\/sites\/default\/files\/documents\/sp_migrantinnen_spanisch_2_0.png\"  target=\"_self\" class=\"button-link button-link-default\" >espagnol-motif-2<span class=\"button-media-date\">01.05.2026<\/span><\/a><\/div><\/div><div class=\"button-list-item\"><div class=\"button-wrapper \"><a href=\"https:\/\/www.sp-ps.ch\/sites\/default\/files\/documents\/sp_migrantinnen_spanisch_3_0.png\"  target=\"_self\" class=\"button-link button-link-default\" >espagnol-motif-3<span class=\"button-media-date\">01.05.2026<\/span><\/a><\/div><\/div><div class=\"button-list-item\"><div class=\"button-wrapper \"><a href=\"https:\/\/www.sp-ps.ch\/sites\/default\/files\/documents\/slogan_spanisch_0.png\"  target=\"_self\" class=\"button-link button-link-default\" >espagnol-slogan<span class=\"button-media-date\">01.05.2026<\/span><\/a><\/div><\/div><div class=\"button-list-item\"><div class=\"button-wrapper \"><a href=\"https:\/\/www.sp-ps.ch\/sites\/default\/files\/documents\/sp_migrantinnen_franzosisch_1_0.png\"  target=\"_self\" class=\"button-link button-link-default\" >fran\u00e7ais-motif-1<span class=\"button-media-date\">01.05.2026<\/span><\/a><\/div><\/div><div class=\"button-list-item\"><div class=\"button-wrapper \"><a href=\"https:\/\/www.sp-ps.ch\/sites\/default\/files\/documents\/sp_migrantinnen_franzosisch_2_0.png\"  target=\"_self\" class=\"button-link button-link-default\" >fran\u00e7ais-motif-2<span class=\"button-media-date\">01.05.2026<\/span><\/a><\/div><\/div><div class=\"button-list-item\"><div class=\"button-wrapper \"><a href=\"https:\/\/www.sp-ps.ch\/sites\/default\/files\/documents\/sp_migrantinnen_franzosisch_3_0.png\"  target=\"_self\" class=\"button-link button-link-default\" >fran\u00e7ais-motif-3<span class=\"button-media-date\">01.05.2026<\/span><\/a><\/div><\/div><div class=\"button-list-item\"><div class=\"button-wrapper \"><a href=\"https:\/\/www.sp-ps.ch\/sites\/default\/files\/documents\/sp_migrantinnen_italienisch_1_0.png\"  target=\"_self\" class=\"button-link button-link-default\" >italien-motif-1<span class=\"button-media-date\">01.05.2026<\/span><\/a><\/div><\/div><div class=\"button-list-item\"><div class=\"button-wrapper \"><a href=\"https:\/\/www.sp-ps.ch\/sites\/default\/files\/documents\/sp_migrantinnen_italienisch_2_0.png\"  target=\"_self\" class=\"button-link button-link-default\" >italien-motif-2<span class=\"button-media-date\">01.05.2026<\/span><\/a><\/div><\/div><div class=\"button-list-item\"><div class=\"button-wrapper \"><a href=\"https:\/\/www.sp-ps.ch\/sites\/default\/files\/documents\/sp_migrantinnen_italienisch_3__0.png\"  target=\"_self\" class=\"button-link button-link-default\" >italien-motif-3<span class=\"button-media-date\">01.05.2026<\/span><\/a><\/div><\/div><div class=\"button-list-item\"><div class=\"button-wrapper \"><a href=\"https:\/\/www.sp-ps.ch\/sites\/default\/files\/documents\/slogan_italienisch_0.png\"  target=\"_self\" class=\"button-link button-link-default\" >italien-slogan<span class=\"button-media-date\">01.05.2026<\/span><\/a><\/div><\/div><div class=\"button-list-item\"><div class=\"button-wrapper \"><a href=\"https:\/\/www.sp-ps.ch\/sites\/default\/files\/documents\/sp_migrantinnen_portugiesisch_1_0.png\"  target=\"_self\" class=\"button-link button-link-default\" >portugais-motif-1<span class=\"button-media-date\">01.05.2026<\/span><\/a><\/div><\/div><div class=\"button-list-item\"><div class=\"button-wrapper \"><a href=\"https:\/\/www.sp-ps.ch\/sites\/default\/files\/documents\/sp_migrantinnen_portugiesisch_2_0.png\"  target=\"_self\" class=\"button-link button-link-default\" >portugais-motif-2<span class=\"button-media-date\">01.05.2026<\/span><\/a><\/div><\/div><div class=\"button-list-item\"><div class=\"button-wrapper \"><a href=\"https:\/\/www.sp-ps.ch\/sites\/default\/files\/documents\/sp_migrantinnen_portugiesisch_3_0.png\"  target=\"_self\" class=\"button-link button-link-default\" >portugais-motif-3<span class=\"button-media-date\">01.05.2026<\/span><\/a><\/div><\/div><div class=\"button-list-item\"><div class=\"button-wrapper \"><a href=\"https:\/\/www.sp-ps.ch\/sites\/default\/files\/documents\/slogan_portugiesisch_0.png\"  target=\"_self\" class=\"button-link button-link-default\" >portugais-slogan<span class=\"button-media-date\">01.05.2026<\/span><\/a><\/div><\/div><div class=\"button-list-item\"><div class=\"button-wrapper \"><a href=\"https:\/\/www.sp-ps.ch\/fr\/no_active_menu_item_found\/non-linitiative-dangereuse-de-limitation-de-ludc-depliants\"  target=\"_self\" class=\"button-link button-link-default\" >pour t\u00e9l\u00e9charger les d\u00e9pliants<span class=\"button-media-date\">01.05.2026<\/span><\/a><\/div><\/div><div class=\"button-list-item\"><div class=\"button-wrapper \"><a href=\"https:\/\/www.sp-ps.ch\/sites\/default\/files\/documents\/sp_migrantinnen_turkisch_1_0.png\"  target=\"_self\" class=\"button-link button-link-default\" >turc-motif-1<span class=\"button-media-date\">01.05.2026<\/span><\/a><\/div><\/div><div class=\"button-list-item\"><div class=\"button-wrapper \"><a href=\"https:\/\/www.sp-ps.ch\/sites\/default\/files\/documents\/sp_migrantinnen_turkisch_2_0.png\"  target=\"_self\" class=\"button-link button-link-default\" >turc-motif-2<span class=\"button-media-date\">01.05.2026<\/span><\/a><\/div><\/div><div class=\"button-list-item\"><div class=\"button-wrapper \"><a href=\"https:\/\/www.sp-ps.ch\/sites\/default\/files\/documents\/sp_migrantinnen_turkisch_3_0.png\"  target=\"_self\" class=\"button-link button-link-default\" >turc-motif-3<span class=\"button-media-date\">01.05.2026<\/span><\/a><\/div><\/div><div class=\"button-list-item\"><div class=\"button-wrapper \"><a href=\"https:\/\/www.sp-ps.ch\/sites\/default\/files\/documents\/slogan_turkisch_0.png\"  target=\"_self\" class=\"button-link button-link-default\" >turc-slogan<span class=\"button-media-date\">01.05.2026<\/span><\/a><\/div><\/div><\/div><\/div><\/div>\t\t\t\t<\/div>\n\t\t\t\t<\/div>\n\t\t\t\t\t<\/div>\n\t\t<\/div>\n\t\t\t\t\t<\/div>\n\t\t<\/section>\n\t\t\t\t<\/div>\n\t\t","protected":false},"excerpt":{"rendered":"","protected":false},"author":1,"featured_media":0,"parent":0,"menu_order":0,"comment_status":"open","ping_status":"closed","template":"","meta":{"footnotes":""},"class_list":["post-67621","page","type-page","status-publish","hentry"],"_links":{"self":[{"href":"https:\/\/www.sp-ps.ch\/fr\/wp-json\/wp\/v2\/pages\/67621","targetHints":{"allow":["GET"]}}],"collection":[{"href":"https:\/\/www.sp-ps.ch\/fr\/wp-json\/wp\/v2\/pages"}],"about":[{"href":"https:\/\/www.sp-ps.ch\/fr\/wp-json\/wp\/v2\/types\/page"}],"author":[{"embeddable":true,"href":"https:\/\/www.sp-ps.ch\/fr\/wp-json\/wp\/v2\/users\/1"}],"replies":[{"embeddable":true,"href":"https:\/\/www.sp-ps.ch\/fr\/wp-json\/wp\/v2\/comments?post=67621"}],"version-history":[{"count":0,"href":"https:\/\/www.sp-ps.ch\/fr\/wp-json\/wp\/v2\/pages\/67621\/revisions"}],"wp:attachment":[{"href":"https:\/\/www.sp-ps.ch\/fr\/wp-json\/wp\/v2\/media?parent=67621"}],"curies":[{"name":"wp","href":"https:\/\/api.w.org\/{rel}","templated":true}]}}