{"id":67630,"date":"2018-01-22T00:00:00","date_gmt":"2018-01-21T23:00:00","guid":{"rendered":"https:\/\/test.sp-ps.ch\/altdorf\/"},"modified":"2018-01-22T00:00:00","modified_gmt":"2018-01-21T23:00:00","slug":"altdorf","status":"publish","type":"page","link":"https:\/\/www.sp-ps.ch\/fr\/altdorf\/","title":{"rendered":"Altdorf"},"content":{"rendered":"\t\t<div data-elementor-type=\"wp-post\" data-elementor-id=\"67630\" class=\"elementor elementor-67630\" data-elementor-post-type=\"page\">\n\t\t\t\t\t\t<section class=\"elementor-section elementor-top-section elementor-element elementor-element-62f6b4fe30d1c elementor-section-boxed elementor-section-height-default elementor-section-height-default\" data-id=\"62f6b4fe30d1c\" data-element_type=\"section\" data-settings=\"{&quot;jet_parallax_layout_list&quot;:[],&quot;background_background&quot;:&quot;classic&quot;}\">\n\t\t\t\t\t\t<div class=\"elementor-container elementor-column-gap-wide\">\n\t\t\t\t\t<div class=\"elementor-column elementor-col-100 elementor-top-column elementor-element elementor-element-62f6b4fe30d1d\" data-id=\"62f6b4fe30d1d\" data-element_type=\"column\">\n\t\t\t<div class=\"elementor-widget-wrap elementor-element-populated\">\n\t\t\t\t\t\t<div class=\"elementor-element elementor-element-62f6b4fe30c86 elementor-widget elementor-widget-heading\" data-id=\"62f6b4fe30c86\" data-element_type=\"widget\" data-widget_type=\"heading.default\">\n\t\t\t\t<div class=\"elementor-widget-container\">\n\t\t\t\t\t<h1 class=\"elementor-heading-title elementor-size-default\">Altdorf<\/h1>\t\t\t\t<\/div>\n\t\t\t\t<\/div>\n\t\t\t\t<div class=\"elementor-element elementor-element-62f6b4fe30d0b elementor-widget elementor-widget-jet-breadcrumbs\" data-id=\"62f6b4fe30d0b\" data-element_type=\"widget\" data-widget_type=\"jet-breadcrumbs.default\">\n\t\t\t\t<div class=\"elementor-widget-container\">\n\t\t\t\t\t<div class=\"elementor-jet-breadcrumbs jet-blocks\">\n\t\t<div class=\"jet-breadcrumbs\">\n\t\t<div class=\"jet-breadcrumbs__content\">\n\t\t<div class=\"jet-breadcrumbs__wrap\">\n\t\t<\/div>\n\t\t<\/div>\n\t\t<\/div><\/div>\t\t\t\t<\/div>\n\t\t\t\t<\/div>\n\t\t\t\t\t<\/div>\n\t\t<\/div>\n\t\t\t\t\t<\/div>\n\t\t<\/section>\n\t\t\t\t<section class=\"elementor-section elementor-top-section elementor-element elementor-element-62f6b4fe30d1e elementor-section-boxed elementor-section-height-default elementor-section-height-default\" data-id=\"62f6b4fe30d1e\" data-element_type=\"section\" data-settings=\"{&quot;jet_parallax_layout_list&quot;:[]}\">\n\t\t\t\t\t\t<div class=\"elementor-container elementor-column-gap-default\">\n\t\t\t\t\t<div class=\"elementor-column elementor-col-100 elementor-top-column elementor-element elementor-element-62f6b4fe30d1f\" data-id=\"62f6b4fe30d1f\" data-element_type=\"column\">\n\t\t\t<div class=\"elementor-widget-wrap elementor-element-populated\">\n\t\t\t\t\t\t<div class=\"elementor-element elementor-element-62f6b4fe30d20 elementor-widget elementor-widget-spacer\" data-id=\"62f6b4fe30d20\" data-element_type=\"widget\" data-widget_type=\"spacer.default\">\n\t\t\t\t<div class=\"elementor-widget-container\">\n\t\t\t\t\t\t\t<div class=\"elementor-spacer\">\n\t\t\t<div class=\"elementor-spacer-inner\"><\/div>\n\t\t<\/div>\n\t\t\t\t\t\t<\/div>\n\t\t\t\t<\/div>\n\t\t\t\t\t<\/div>\n\t\t<\/div>\n\t\t\t\t\t<\/div>\n\t\t<\/section>\n\t\t\t\t<section class=\"elementor-section elementor-top-section elementor-element elementor-element-62f6b4fe30d22 elementor-section-boxed elementor-section-height-default elementor-section-height-default\" data-id=\"62f6b4fe30d22\" data-element_type=\"section\" data-settings=\"{&quot;jet_parallax_layout_list&quot;:[]}\">\n\t\t\t\t\t\t<div class=\"elementor-container elementor-column-gap-no\">\n\t\t\t\t\t<div class=\"elementor-column elementor-col-100 elementor-top-column elementor-element elementor-element-62f6b4fe30d23\" data-id=\"62f6b4fe30d23\" data-element_type=\"column\">\n\t\t\t<div class=\"elementor-widget-wrap elementor-element-populated\">\n\t\t\t\t\t\t<div class=\"elementor-element elementor-element-62f6b4fd9c855 elementor-widget elementor-widget-text-editor\" data-id=\"62f6b4fd9c855\" data-element_type=\"widget\" data-widget_type=\"text-editor.default\">\n\t\t\t\t<div class=\"elementor-widget-container\">\n\t\t\t\t\t\t\t\t\t<p><span style=\"display: inline !important; float: none; background-color: transparent; color: rgb(0, 0, 0); font-family: Arial,Helvetica; font-size: 14px; font-style: normal; font-variant: normal; font-weight: 400; letter-spacing: normal; line-height: 21px; orphans: 2; text-align: left; text-decoration: none; text-indent: 0px; text-transform: none; -webkit-text-stroke-width: 0px; white-space: normal; word-spacing: 0px;\">Samedi, 24 f&eacute;vrier 2018, 10h45, Zum Schwarzen Uristier, D&auml;twylerstrasse 27<\/span><\/p>\n\t\t\t\t\t\t\t\t<\/div>\n\t\t\t\t<\/div>\n\t\t\t\t<div class=\"elementor-element elementor-element-62f6b4fdd303c elementor-widget elementor-widget-spps_button_list\" data-id=\"62f6b4fdd303c\" data-element_type=\"widget\" data-widget_type=\"spps_button_list.default\">\n\t\t\t\t<div class=\"elementor-widget-container\">\n\t\t\t\t\t<div class=\"button-list-wrapper wrapper-spacing-small  \"><div class=\"button-list-title\"><h3>R\u00e9solutions approuv\u00e9es<\/h3><\/div><div class=\"button-list-container\"><div class=\"button-list-items\"><div class=\"button-list-item\"><div class=\"button-wrapper \"><a href=\"https:\/\/www.sp-ps.ch\/wp-content\/uploads\/2018\/01\/migrantinnen_f.pdf\"  target=\"_self\" class=\"button-link button-link-default\" >Droits politiques complets pour toutes et tous - y compris les migrant-e-s<span class=\"button-media-date\">28.04.2026<\/span><\/a><\/div><\/div><div class=\"button-list-item\"><div class=\"button-wrapper \"><a href=\"https:\/\/www.sp-ps.ch\/wp-content\/uploads\/2018\/01\/medienlandschaft_f.pdf\"  target=\"_self\" class=\"button-link button-link-default\" >La d\u00e9mocratie a besoin d\u2019un paysage m\u00e9diatique diversifi\u00e9 et de qualit\u00e9 journalistique <span class=\"button-media-date\">28.04.2026<\/span><\/a><\/div><\/div><div class=\"button-list-item\"><div class=\"button-wrapper \"><a href=\"https:\/\/www.sp-ps.ch\/wp-content\/uploads\/2018\/01\/strommarktoffnung_f.pdf\"  target=\"_self\" class=\"button-link button-link-default\" >Non \u00e0 une ouverture du march\u00e9 de l\u2019\u00e9lectricit\u00e9 <span class=\"button-media-date\">28.04.2026<\/span><\/a><\/div><\/div><div class=\"button-list-item\"><div class=\"button-wrapper \"><a href=\"https:\/\/www.sp-ps.ch\/wp-content\/uploads\/2019\/08\/anwendung_dublin_f.pdf\"  target=\"_self\" class=\"button-link button-link-default\" >Pour une mise en \u0153uvre humaine du r\u00e8glement Dublin, afin de prot\u00e9ger les r\u00e9fugi\u00e9-e-s vuln\u00e9rables<span class=\"button-media-date\">28.04.2026<\/span><\/a><\/div><\/div><div class=\"button-list-item\"><div class=\"button-wrapper \"><a href=\"https:\/\/www.sp-ps.ch\/sites\/default\/files\/documents\/usr_iv_f.docx\"  target=\"_self\" class=\"button-link button-link-default\" >RIE IV - combattre la ruineuse concurrence fiscale <span class=\"button-media-date\">28.04.2026<\/span><\/a><\/div><\/div><\/div><\/div><\/div>\t\t\t\t<\/div>\n\t\t\t\t<\/div>\n\t\t\t\t<div class=\"elementor-element elementor-element-62f6b4fddfa95 elementor-widget elementor-widget-spps_button_list\" data-id=\"62f6b4fddfa95\" data-element_type=\"widget\" data-widget_type=\"spps_button_list.default\">\n\t\t\t\t<div class=\"elementor-widget-container\">\n\t\t\t\t\t<div class=\"button-list-wrapper wrapper-spacing-small  \"><div class=\"button-list-title\"><h3>Discours<\/h3><\/div><div class=\"button-list-container\"><div class=\"button-list-items\"><div class=\"button-list-item\"><div class=\"button-wrapper \"><a href=\"https:\/\/www.sp-ps.ch\/wp-content\/uploads\/2018\/01\/180224_-_discours_christian_levrat_-_vdef_gab.pdf\"  target=\"_self\" class=\"button-link button-link-default\" >Discours de Christian Levrat, pr\u00e9sident du PS Suisse<span class=\"button-media-date\">28.04.2026<\/span><\/a><\/div><\/div><\/div><\/div><\/div>\t\t\t\t<\/div>\n\t\t\t\t<\/div>\n\t\t\t\t<div class=\"elementor-element elementor-element-62f6b4fe07586 elementor-widget elementor-widget-spps_button_list\" data-id=\"62f6b4fe07586\" data-element_type=\"widget\" data-widget_type=\"spps_button_list.default\">\n\t\t\t\t<div class=\"elementor-widget-container\">\n\t\t\t\t\t<div class=\"button-list-wrapper wrapper-spacing-small  \"><div class=\"button-list-title\"><h3>Versions finales <\/h3><\/div><div class=\"button-list-container\"><div class=\"button-list-items\"><div class=\"button-list-item\"><div class=\"button-wrapper \"><a href=\"https:\/\/www.sp-ps.ch\/wp-content\/uploads\/2018\/01\/schlussdoku_f.pdf\"  target=\"_self\" class=\"button-link button-link-default\" >Documentation finale AD Altdorf du 24.02.2018<span class=\"button-media-date\">28.04.2026<\/span><\/a><\/div><\/div><div class=\"button-list-item\"><div class=\"button-wrapper \"><a href=\"https:\/\/www.sp-ps.ch\/wp-content\/uploads\/2018\/01\/motionen_wirtschaft_4.0_f_0.pdf\"  target=\"_self\" class=\"button-link button-link-default\" >Motions \u00c9conomie 4.0<span class=\"button-media-date\">28.04.2026<\/span><\/a><\/div><\/div><\/div><\/div><\/div>\t\t\t\t<\/div>\n\t\t\t\t<\/div>\n\t\t\t\t<div class=\"elementor-element elementor-element-62f6b4fe2d13a elementor-widget elementor-widget-spps_button_list\" data-id=\"62f6b4fe2d13a\" data-element_type=\"widget\" data-widget_type=\"spps_button_list.default\">\n\t\t\t\t<div class=\"elementor-widget-container\">\n\t\t\t\t\t<div class=\"button-list-wrapper wrapper-spacing-small  \"><div class=\"button-list-title\"><h3>Documents (Envoi 1)<\/h3><\/div><div class=\"button-list-container\"><div class=\"button-list-items\"><div class=\"button-list-item\"><div class=\"button-wrapper \"><a href=\"https:\/\/www.sp-ps.ch\/wp-content\/uploads\/2018\/01\/versandheft_f_def_9.pdf\"  target=\"_self\" class=\"button-link button-link-default\" >Envoi 1: Invitation assembl\u00e9e des d\u00e9l\u00e9gu\u00e9-e-s 24.02.2018<span class=\"button-media-date\">28.04.2026<\/span><\/a><\/div><\/div><div class=\"button-list-item\"><div class=\"button-wrapper \"><a href=\"https:\/\/www.sp-ps.ch\/sites\/default\/files\/documents\/motion_wirtschaftskonzept_f.docx\"  target=\"_self\" class=\"button-link button-link-default\" >Formulaire 'Motion relative \u00e0 \u00c9conomie 4.0'<span class=\"button-media-date\">28.04.2026<\/span><\/a><\/div><\/div><div class=\"button-list-item\"><div class=\"button-wrapper \"><a href=\"https:\/\/www.sp-ps.ch\/wp-content\/uploads\/2018\/01\/dv_protokoll_14102017_0.pdf\"  target=\"_self\" class=\"button-link button-link-default\" >Proc\u00e8s-verbal de l'AD \u00e0 Olten du 14.10.2017<span class=\"button-media-date\">28.04.2026<\/span><\/a><\/div><\/div><div class=\"button-list-item\"><div class=\"button-wrapper \"><a href=\"https:\/\/www.sp-ps.ch\/wp-content\/uploads\/2018\/01\/wirtschaft_4.0_f_def.pdf\"  target=\"_self\" class=\"button-link button-link-default\" >\u00c9conomie 4.0<span class=\"button-media-date\">28.04.2026<\/span><\/a><\/div><\/div><\/div><\/div><\/div>\t\t\t\t<\/div>\n\t\t\t\t<\/div>\n\t\t\t\t\t<\/div>\n\t\t<\/div>\n\t\t\t\t\t<\/div>\n\t\t<\/section>\n\t\t\t\t<\/div>\n\t\t","protected":false},"excerpt":{"rendered":"","protected":false},"author":1,"featured_media":65454,"parent":0,"menu_order":0,"comment_status":"open","ping_status":"closed","template":"","meta":{"footnotes":""},"class_list":["post-67630","page","type-page","status-publish","has-post-thumbnail","hentry"],"_links":{"self":[{"href":"https:\/\/www.sp-ps.ch\/fr\/wp-json\/wp\/v2\/pages\/67630","targetHints":{"allow":["GET"]}}],"collection":[{"href":"https:\/\/www.sp-ps.ch\/fr\/wp-json\/wp\/v2\/pages"}],"about":[{"href":"https:\/\/www.sp-ps.ch\/fr\/wp-json\/wp\/v2\/types\/page"}],"author":[{"embeddable":true,"href":"https:\/\/www.sp-ps.ch\/fr\/wp-json\/wp\/v2\/users\/1"}],"replies":[{"embeddable":true,"href":"https:\/\/www.sp-ps.ch\/fr\/wp-json\/wp\/v2\/comments?post=67630"}],"version-history":[{"count":0,"href":"https:\/\/www.sp-ps.ch\/fr\/wp-json\/wp\/v2\/pages\/67630\/revisions"}],"wp:featuredmedia":[{"embeddable":true,"href":"https:\/\/www.sp-ps.ch\/fr\/wp-json\/wp\/v2\/media\/65454"}],"wp:attachment":[{"href":"https:\/\/www.sp-ps.ch\/fr\/wp-json\/wp\/v2\/media?parent=67630"}],"curies":[{"name":"wp","href":"https:\/\/api.w.org\/{rel}","templated":true}]}}