{"id":93897,"date":"2023-03-15T10:51:30","date_gmt":"2023-03-15T09:51:30","guid":{"rendered":"https:\/\/www.sp-ps.ch\/parti\/ps-migrant-e-s\/anciennes-campagnes-ps-migrant-e-s\/"},"modified":"2023-03-15T11:01:30","modified_gmt":"2023-03-15T10:01:30","slug":"anciennes-campagnes-ps-migrant-e-s","status":"publish","type":"page","link":"https:\/\/www.sp-ps.ch\/fr\/parti\/ps-migrant-e-s\/anciennes-campagnes-ps-migrant-e-s\/","title":{"rendered":"Anciennes campagnes PS Migrant-e-s"},"content":{"rendered":"\t\t<div data-elementor-type=\"wp-post\" data-elementor-id=\"93897\" class=\"elementor elementor-93897 elementor-67233\" data-elementor-post-type=\"page\">\n\t\t\t\t\t\t<section class=\"elementor-section elementor-top-section elementor-element elementor-element-62f6b25f0bfcf elementor-section-boxed elementor-section-height-default elementor-section-height-default\" data-id=\"62f6b25f0bfcf\" data-element_type=\"section\" data-settings=\"{&quot;jet_parallax_layout_list&quot;:[],&quot;background_background&quot;:&quot;classic&quot;}\">\n\t\t\t\t\t\t<div class=\"elementor-container elementor-column-gap-wide\">\n\t\t\t\t\t<div class=\"elementor-column elementor-col-100 elementor-top-column elementor-element elementor-element-62f6b25f0bfd0\" data-id=\"62f6b25f0bfd0\" data-element_type=\"column\">\n\t\t\t<div class=\"elementor-widget-wrap elementor-element-populated\">\n\t\t\t\t\t\t<div class=\"elementor-element elementor-element-62f6b25f0bf3f elementor-widget elementor-widget-heading\" data-id=\"62f6b25f0bf3f\" data-element_type=\"widget\" data-widget_type=\"heading.default\">\n\t\t\t\t<div class=\"elementor-widget-container\">\n\t\t\t\t\t<h1 class=\"elementor-heading-title elementor-size-default\">Anciennes campagnes PS Migrant-e-s<\/h1>\t\t\t\t<\/div>\n\t\t\t\t<\/div>\n\t\t\t\t<div class=\"elementor-element elementor-element-62f6b25f0bfb4 elementor-widget elementor-widget-jet-breadcrumbs\" data-id=\"62f6b25f0bfb4\" data-element_type=\"widget\" data-widget_type=\"jet-breadcrumbs.default\">\n\t\t\t\t<div class=\"elementor-widget-container\">\n\t\t\t\t\t<div class=\"elementor-jet-breadcrumbs jet-blocks\">\n\t\t<div class=\"jet-breadcrumbs\">\n\t\t<div class=\"jet-breadcrumbs__content\">\n\t\t<div class=\"jet-breadcrumbs__wrap\">\n\t\t<\/div>\n\t\t<\/div>\n\t\t<\/div><\/div>\t\t\t\t<\/div>\n\t\t\t\t<\/div>\n\t\t\t\t\t<\/div>\n\t\t<\/div>\n\t\t\t\t\t<\/div>\n\t\t<\/section>\n\t\t\t\t<section class=\"elementor-section elementor-top-section elementor-element elementor-element-62f6b25f0bfd3 elementor-section-boxed elementor-section-height-default elementor-section-height-default\" data-id=\"62f6b25f0bfd3\" data-element_type=\"section\" data-settings=\"{&quot;jet_parallax_layout_list&quot;:[]}\">\n\t\t\t\t\t\t<div class=\"elementor-container elementor-column-gap-default\">\n\t\t\t\t\t<div class=\"elementor-column elementor-col-100 elementor-top-column elementor-element elementor-element-62f6b25f0bfd4\" data-id=\"62f6b25f0bfd4\" data-element_type=\"column\">\n\t\t\t<div class=\"elementor-widget-wrap elementor-element-populated\">\n\t\t\t\t\t\t<div class=\"elementor-element elementor-element-62f6b25f0bfd5 elementor-widget elementor-widget-spacer\" data-id=\"62f6b25f0bfd5\" data-element_type=\"widget\" data-widget_type=\"spacer.default\">\n\t\t\t\t<div class=\"elementor-widget-container\">\n\t\t\t\t\t\t\t<div class=\"elementor-spacer\">\n\t\t\t<div class=\"elementor-spacer-inner\"><\/div>\n\t\t<\/div>\n\t\t\t\t\t\t<\/div>\n\t\t\t\t<\/div>\n\t\t\t\t\t<\/div>\n\t\t<\/div>\n\t\t\t\t\t<\/div>\n\t\t<\/section>\n\t\t\t\t<section class=\"elementor-section elementor-top-section elementor-element elementor-element-62f6b25f0bfd7 elementor-section-boxed elementor-section-height-default elementor-section-height-default\" data-id=\"62f6b25f0bfd7\" data-element_type=\"section\" data-settings=\"{&quot;jet_parallax_layout_list&quot;:[]}\">\n\t\t\t\t\t\t<div class=\"elementor-container elementor-column-gap-no\">\n\t\t\t\t\t<div class=\"elementor-column elementor-col-100 elementor-top-column elementor-element elementor-element-62f6b25f0bfd8\" data-id=\"62f6b25f0bfd8\" data-element_type=\"column\">\n\t\t\t<div class=\"elementor-widget-wrap elementor-element-populated\">\n\t\t\t\t\t\t<div class=\"elementor-element elementor-element-62f6b25f07ee0 elementor-widget elementor-widget-text-editor\" data-id=\"62f6b25f07ee0\" data-element_type=\"widget\" data-widget_type=\"text-editor.default\">\n\t\t\t\t<div class=\"elementor-widget-container\">\n\t\t\t\t\t\t\t\t\t<p>Le PS Migrant-e-s s\u2019engage activement lors des campagnes de votation avec, notamment, du mat\u00e9riel d\u2019information traduit en de nombreuses langues. En outre, plusieurs membres du PS Migrant-e-s se portent candidats sur les listes des Partis cantonaux pour diff\u00e9rents mandats.<br \/>Cette page pr\u00e9sente un aper\u00e7u des activit\u00e9s pass\u00e9es du PS Migrant-e-s.<\/p><p><a href=\"https:\/\/www.sp-ps.ch\/fr\/no_active_menu_item_found\/non-linitiative-dangereuse-de-limitation-de-ludc-modeles-social-media\">NON \u00e0 l&#8217;initiative dangereuse \u00ab de limitation \u00bb de l&#8217;UDC !<\/a>\u00a0(2020)<\/p><p><a href=\"https:\/\/www.sp-ps.ch\/fr\/parti\/organes-socialistes\/ps-migrant-e-s\/memes-chances-memes-droits-une-suisse-pour-toutes-et-tous\">\u00c9lections nationales<\/a>\u00a0(2019)<\/p><p><a href=\"https:\/\/elections-europeennes2019.ch\/\">\u00c9lections au Parlement Europ\u00e9en<\/a>\u00a0(2019)<\/p><p><a href=\"http:\/\/www.sp-ps.ch\/fr\/non-linitiative-dangereuse-de-ludc-pour-lautodetermination\">Non \u00e0 l&#8217;initiative dangereuse de l&#8217;UDC pour &#8220;l&#8217;autod\u00e9termination&#8221;<\/a>\u00a0(2018)<\/p><p><a href=\"https:\/\/www.sp-ps.ch\/fr\/publications\/communiques-de-presse\/oui-la-troisieme-generation-oui-plus-de-suissesses-et-de-suisses\">Oui \u00e0 la troisi\u00e8me g\u00e9n\u00e9ration<\/a>\u00a0(2017)<\/p><p><a href=\"http:\/\/www.sp-ps.ch\/fr\/non-linitiative-dangereuse-de-mise-en-oeuvre\">Non \u00e0 l&#8217;initiative dangereuse de &#8220;mise en \u0153uvre&#8221;<\/a>\u00a0(2016)<\/p><p><a href=\"http:\/\/www.sp-ps.ch\/fr\/pour-des-procedures-dasile-plus-equitables-et-plus-rapides\">Oui \u00e0 la r\u00e8vision de la loi sur l&#8217;asile<\/a>\u00a0(2016)<\/p><p><a href=\"http:\/\/www.sp-ps.ch\/fr\/elire-cest-choisir\">\u00c9lections nationales<\/a>\u00a0(2015)<\/p><p><a href=\"https:\/\/www.sp-ps.ch\/fr\/thema\/europawahl-2014\">\u00c9lections au Parlement Europ\u00e9en<\/a>\u00a0(2014)<\/p>\t\t\t\t\t\t\t\t<\/div>\n\t\t\t\t<\/div>\n\t\t\t\t\t<\/div>\n\t\t<\/div>\n\t\t\t\t\t<\/div>\n\t\t<\/section>\n\t\t\t\t<\/div>\n\t\t","protected":false},"excerpt":{"rendered":"<p>Anciennes campagnes PS Migrant-e-s Le PS Migrant-e-s s\u2019engage activement lors des campagnes de votation avec, notamment, du mat\u00e9riel d\u2019information traduit en de nombreuses langues. En outre, plusieurs membres du PS [&hellip;]<\/p>\n","protected":false},"author":1,"featured_media":0,"parent":30462,"menu_order":0,"comment_status":"open","ping_status":"closed","template":"","meta":{"footnotes":""},"class_list":["post-93897","page","type-page","status-publish","hentry"],"_links":{"self":[{"href":"https:\/\/www.sp-ps.ch\/fr\/wp-json\/wp\/v2\/pages\/93897","targetHints":{"allow":["GET"]}}],"collection":[{"href":"https:\/\/www.sp-ps.ch\/fr\/wp-json\/wp\/v2\/pages"}],"about":[{"href":"https:\/\/www.sp-ps.ch\/fr\/wp-json\/wp\/v2\/types\/page"}],"author":[{"embeddable":true,"href":"https:\/\/www.sp-ps.ch\/fr\/wp-json\/wp\/v2\/users\/1"}],"replies":[{"embeddable":true,"href":"https:\/\/www.sp-ps.ch\/fr\/wp-json\/wp\/v2\/comments?post=93897"}],"version-history":[{"count":4,"href":"https:\/\/www.sp-ps.ch\/fr\/wp-json\/wp\/v2\/pages\/93897\/revisions"}],"predecessor-version":[{"id":93901,"href":"https:\/\/www.sp-ps.ch\/fr\/wp-json\/wp\/v2\/pages\/93897\/revisions\/93901"}],"up":[{"embeddable":true,"href":"https:\/\/www.sp-ps.ch\/fr\/wp-json\/wp\/v2\/pages\/30462"}],"wp:attachment":[{"href":"https:\/\/www.sp-ps.ch\/fr\/wp-json\/wp\/v2\/media?parent=93897"}],"curies":[{"name":"wp","href":"https:\/\/api.w.org\/{rel}","templated":true}]}}