{"id":98466,"date":"2023-05-04T17:55:53","date_gmt":"2023-05-04T15:55:53","guid":{"rendered":"https:\/\/www.sp-ps.ch\/en-langage-simplifie-oui-a-la-loi-covid\/"},"modified":"2023-05-04T17:56:06","modified_gmt":"2023-05-04T15:56:06","slug":"en-langage-simplifie-oui-a-la-loi-covid","status":"publish","type":"page","link":"https:\/\/www.sp-ps.ch\/fr\/en-langage-simplifie-oui-a-la-loi-covid\/","title":{"rendered":"En langage simplifi\u00e9 : OUI \u00e0 la loi COVID"},"content":{"rendered":"\t\t<div data-elementor-type=\"wp-page\" data-elementor-id=\"98466\" class=\"elementor elementor-98466 elementor-98457\" data-elementor-post-type=\"page\">\n\t\t\t\t\t\t<section class=\"elementor-section elementor-top-section elementor-element elementor-element-c53a1b7 elementor-section-boxed elementor-section-height-default elementor-section-height-default\" data-id=\"c53a1b7\" data-element_type=\"section\" data-settings=\"{&quot;jet_parallax_layout_list&quot;:[]}\">\n\t\t\t\t\t\t<div class=\"elementor-container elementor-column-gap-default\">\n\t\t\t\t\t<div class=\"elementor-column elementor-col-100 elementor-top-column elementor-element elementor-element-cab89ad\" data-id=\"cab89ad\" data-element_type=\"column\">\n\t\t\t<div class=\"elementor-widget-wrap elementor-element-populated\">\n\t\t\t\t\t\t<div class=\"elementor-element elementor-element-2d442ca elementor-widget elementor-widget-spps_button_list\" data-id=\"2d442ca\" data-element_type=\"widget\" data-widget_type=\"spps_button_list.default\">\n\t\t\t\t<div class=\"elementor-widget-container\">\n\t\t\t\t\t<div class=\"button-list-wrapper wrapper-spacing-default  \"><div class=\"button-list-title\"><h2>En langage simplifi\u00e9 : OUI \u00e0 la loi COVID<\/h2><\/div><div class=\"button-list-container\"><div class=\"button-list-text\"><p>Votations du 18 juin 2023<\/p>\n<p>Le 18 juin 2023, la population suisse <br \/>vote sur la loi COVID.<\/p>\n<p>Le PS dit OUI \u00e0 cette loi<\/p>\n<p><strong>PS<br \/><\/strong>PS veut dire Parti socialiste suisse.<\/p>\n<h3>La loi COVID, c\u2019est quoi&nbsp;?<\/h3>\n<p>La maladie caus\u00e9e par le coronavirus s\u2019appelle le COVID.&nbsp; <br \/>La loi COVID contient toutes les r\u00e8gles importantes<br \/>concernant le COVID.<\/p>\n<h3>Sur quoi la population doit-elle voter&nbsp;?<\/h3>\n<p>Certaines r\u00e8gles de la loi COVID s\u2019appliquent jusqu\u2019en juin 2024. <br \/>Mais quelques personnes aimeraient<br \/>que la loi ne s\u2019applique plus. <br \/>Voil\u00e0 pourquoi il faut voter. <br \/>La population suisse doit d\u00e9cider<br \/>si la loi reste appliqu\u00e9e.<\/p>\n<p><strong>Ces r\u00e8gles s\u2019appliquent jusqu\u2019en juin 2024&nbsp;:<\/strong><\/p>\n<ul>\n<li>Les caisses maladie paient le test COVID<br \/>quand la personne est malade.<\/li>\n<li>Si cela est n\u00e9cessaire,<br \/>le certificat COVID peut de nouveau \u00eatre demand\u00e9.<\/li>\n<\/ul>\n<p><br data-mce-bogus=\"1\"><\/p>\n<p><strong>Le certificat COVID, c\u2019est quoi&nbsp;?<\/strong><\/p>\n<p>Le certificat COVID est un document officiel. <br \/>Il peut indiquer 3 choses&nbsp;:<\/p>\n<ul>\n<li>Avez-vous re\u00e7u le vaccin contre le COVID&nbsp;?<\/li>\n<li>Avez-vous eu le COVID&nbsp;?<\/li>\n<li>Avez-vous fait un test COVID&nbsp;?<\/li>\n<\/ul>\n<p>Le PS dit OUI \u00e0 la loi COVID.<\/p>\n<p>Le PS trouve qu\u2019il est juste<br \/>que certaines r\u00e8gles s\u2019appliquent jusqu\u2019en juin 2024. <br \/>Il se peut <br \/>que le coronavirus soit de nouveau tr\u00e8s dangereux. <br \/>Et dans ce cas, c\u2019est bien<br \/>si la loi COVID existe encore.<\/p>\n<h3>Ce que vous pouvez faire<\/h3>\n<p>Votez <strong>OUI<\/strong> le 18 juin 2023 \u00e0 la loi COVID&nbsp;!<\/p>\n<p>Sur le bulletin de vote, il est \u00e9crit&nbsp;: <br \/>\u00ab&nbsp;Acceptez-vous la modification du 16 d\u00e9cembre 2022 de la loi f\u00e9d\u00e9rale sur les bases l\u00e9gales des ordonnances du Conseil f\u00e9d\u00e9ral visant \u00e0 surmonter l\u2019\u00e9pid\u00e9mie de COVID-19 (loi COVID-19)&nbsp;?&nbsp;\u00bb<\/p>\n<p>\u00c9crivez simplement&nbsp;: <strong>OUI<\/strong><\/p>\n<\/div><\/div><\/div>\t\t\t\t<\/div>\n\t\t\t\t<\/div>\n\t\t\t\t\t<\/div>\n\t\t<\/div>\n\t\t\t\t\t<\/div>\n\t\t<\/section>\n\t\t\t\t<\/div>\n\t\t","protected":false},"excerpt":{"rendered":"<p>En langage simplifi\u00e9 : OUI \u00e0 la loi COVID Votations du 18 juin 2023 Le 18 juin 2023, la population suisse vote sur la loi COVID. Le PS dit OUI [&hellip;]<\/p>\n","protected":false},"author":64,"featured_media":0,"parent":0,"menu_order":0,"comment_status":"closed","ping_status":"closed","template":"","meta":{"footnotes":""},"class_list":["post-98466","page","type-page","status-publish","hentry"],"_links":{"self":[{"href":"https:\/\/www.sp-ps.ch\/fr\/wp-json\/wp\/v2\/pages\/98466","targetHints":{"allow":["GET"]}}],"collection":[{"href":"https:\/\/www.sp-ps.ch\/fr\/wp-json\/wp\/v2\/pages"}],"about":[{"href":"https:\/\/www.sp-ps.ch\/fr\/wp-json\/wp\/v2\/types\/page"}],"author":[{"embeddable":true,"href":"https:\/\/www.sp-ps.ch\/fr\/wp-json\/wp\/v2\/users\/64"}],"replies":[{"embeddable":true,"href":"https:\/\/www.sp-ps.ch\/fr\/wp-json\/wp\/v2\/comments?post=98466"}],"version-history":[{"count":3,"href":"https:\/\/www.sp-ps.ch\/fr\/wp-json\/wp\/v2\/pages\/98466\/revisions"}],"predecessor-version":[{"id":98469,"href":"https:\/\/www.sp-ps.ch\/fr\/wp-json\/wp\/v2\/pages\/98466\/revisions\/98469"}],"wp:attachment":[{"href":"https:\/\/www.sp-ps.ch\/fr\/wp-json\/wp\/v2\/media?parent=98466"}],"curies":[{"name":"wp","href":"https:\/\/api.w.org\/{rel}","templated":true}]}}