{"id":109328,"date":"2023-08-21T10:42:06","date_gmt":"2023-08-21T08:42:06","guid":{"rendered":"https:\/\/www.sp-ps.ch\/veranstaltung\/table-ronde-elections-diaspora-et-democratie\/"},"modified":"2023-08-21T10:42:15","modified_gmt":"2023-08-21T08:42:15","slug":"table-ronde-elections-diaspora-et-democratie","status":"publish","type":"tribe_events","link":"https:\/\/www.sp-ps.ch\/fr\/agenda\/table-ronde-elections-diaspora-et-democratie\/","title":{"rendered":"Table ronde &#8220;Elections, diaspora et d\u00e9mocratie&#8221;."},"content":{"rendered":"<p>Un \u00e9change entre Feleknas Uca, C\u00e9dric Wermuth et Mustafa Atici. Feleknas Uca, une femme politique respect\u00e9e et une militante des droits de l&#8217;homme, engagera avec nous un dialogue sur la d\u00e9mocratie et le r\u00f4le de la diaspora dans les processus \u00e9lectoraux en Turquie. Nous aurons un aper\u00e7u de son quotidien politique, de ses d\u00e9fis et discuterons avec C\u00e9dric Wermuth et Mustafa Atici de l&#8217;importance de la participation politique des communaut\u00e9s de la diaspora dans les deux pays.<\/p>\n<ul>\n<li>Date : 27 ao\u00fbt 2023<\/li>\n<li>Heure : 13h<\/li>\n<li>Lieu : Centre culturel al\u00e9vi Regio Basel, Els\u00e4sserstrasse 209, 4056 B\u00e2le<\/li>\n<\/ul>\n<p><a href=\"https:\/\/www.sp-ps.ch\/podium_diaspora-und-demokratie\/\">S&#8217;inscrire<\/a><\/p>\n<p>.<\/p>\n","protected":false},"excerpt":{"rendered":"<p>Un \u00e9change entre Feleknas Uca, C\u00e9dric Wermuth et Mustafa Atici.<\/p>\n","protected":false},"author":17,"featured_media":0,"template":"","meta":{"_tribe_events_status":"","_tribe_events_status_reason":"","_tribe_events_is_hybrid":"","_tribe_events_is_virtual":"","_tribe_events_virtual_video_source":"","_tribe_events_virtual_embed_video":"","_tribe_events_virtual_linked_button_text":"","_tribe_events_virtual_linked_button":"","_tribe_events_virtual_show_embed_at":"","_tribe_events_virtual_show_embed_to":[],"_tribe_events_virtual_show_on_event":"","_tribe_events_virtual_show_on_views":"","_tribe_events_virtual_url":"","footnotes":""},"tags":[15421],"tribe_events_cat":[],"class_list":["post-109328","tribe_events","type-tribe_events","status-publish","hentry","tag-ps-migrant-e-s"],"_links":{"self":[{"href":"https:\/\/www.sp-ps.ch\/fr\/wp-json\/wp\/v2\/tribe_events\/109328","targetHints":{"allow":["GET"]}}],"collection":[{"href":"https:\/\/www.sp-ps.ch\/fr\/wp-json\/wp\/v2\/tribe_events"}],"about":[{"href":"https:\/\/www.sp-ps.ch\/fr\/wp-json\/wp\/v2\/types\/tribe_events"}],"author":[{"embeddable":true,"href":"https:\/\/www.sp-ps.ch\/fr\/wp-json\/wp\/v2\/users\/17"}],"version-history":[{"count":1,"href":"https:\/\/www.sp-ps.ch\/fr\/wp-json\/wp\/v2\/tribe_events\/109328\/revisions"}],"predecessor-version":[{"id":109329,"href":"https:\/\/www.sp-ps.ch\/fr\/wp-json\/wp\/v2\/tribe_events\/109328\/revisions\/109329"}],"wp:attachment":[{"href":"https:\/\/www.sp-ps.ch\/fr\/wp-json\/wp\/v2\/media?parent=109328"}],"wp:term":[{"taxonomy":"post_tag","embeddable":true,"href":"https:\/\/www.sp-ps.ch\/fr\/wp-json\/wp\/v2\/tags?post=109328"},{"taxonomy":"tribe_events_cat","embeddable":true,"href":"https:\/\/www.sp-ps.ch\/fr\/wp-json\/wp\/v2\/tribe_events_cat?post=109328"}],"curies":[{"name":"wp","href":"https:\/\/api.w.org\/{rel}","templated":true}]}}