{"id":180626,"date":"2026-03-19T15:48:46","date_gmt":"2026-03-19T14:48:46","guid":{"rendered":"https:\/\/www.sp-ps.ch\/?post_type=vorstoesse&#038;p=180626"},"modified":"2026-03-19T15:51:35","modified_gmt":"2026-03-19T14:51:35","slug":"stand-massnahmen-und-zukunft-der-arbeitslosengeld-auszahlungen-im-kanton-solothurn","status":"publish","type":"vorstoesse","link":"https:\/\/www.sp-ps.ch\/it\/vorstoesse\/stand-massnahmen-und-zukunft-der-arbeitslosengeld-auszahlungen-im-kanton-solothurn\/","title":{"rendered":"Stand, Massnahmen und Zukunft der Arbeitslosengeld-Auszahlungen im Kanton Solothurn"},"content":{"rendered":"<p><strong>Kleine Anfrage Fraktion SP\/junge SP: Stand, Massnahmen und Zukunft der Arbeitslosengeld-Auszahlungen im Kanton Solothurn<\/strong><\/p>\n\n\n<p>Seit dem Systemwechsel bei den Auszahlungen der Arbeitslosengelder beim Seco warten immer noch viele Bez\u00fcger:innen auf ihr Geld und geraten dadurch in eine Notlage. Auch bei Neuanmeldungen kommt es zu erheblichen Verz\u00f6gerungen, was die betroffenen Personen, die auf die Zahlung angewiesen sind, stark belastet.<\/p>\n\n\n\n<p>Der Bund kann anscheinend nach wie vor keine genauen Angaben dar\u00fcber machen, wie viele Personen tats\u00e4chlich betroffen sind. Diverse Personen haben sich bei der Fraktion SP\/junge SP gemeldet mit dem Wunsch nach Abkl\u00e4rung und mehr Informationen. Die Verunsicherung ist gross auch mit Blick auf die kommenden Monate. Auch f\u00fcr die Mitarbeitenden der Arbeitslosenkasse ist die Situation belastend, da sie einen erheblichen Mehraufwand leisten m\u00fcssen.<\/p>\n\n\n\n<p>Die Fraktion SP\/junge SP erwartet von der Regierung eine transparente und \u00f6ffentliche Kommunikation \u00fcber den Stand der Dinge. Der Kanton muss Verantwortung \u00fcbernehmen und pragmatische sowie unmittelbare L\u00f6sungen bieten. In dieser Situation darf niemand im Regen stehen gelassen werden.<\/p>\n\n\n\n<p>Um Klarheit zu schaffen, bitten wir die Regierung um die Beantwortung folgender Fragen:<\/p>\n\n\n\n<ol class=\"wp-block-list\">\n<li>Stand heute: Wie ist die Situation im Kanton Solothurn?<\/li>\n\n\n\n<li>Wie viele Menschen (in Zahlen) in unserem Kanton waren bis Ende Januar von versp\u00e4teten Auszahlungen der Arbeitslosengelder betroffen? Wurden diese inzwischen ausbezahlt? Wie ist der Stand Ende Februar?<\/li>\n\n\n\n<li>Blick auf die n\u00e4chsten Monate: Ist die p\u00fcnktliche Auszahlung gew\u00e4hrleistet? Wie wird der Kanton bei weiteren ausbleibenden Zahlungen reagieren?<\/li>\n\n\n\n<li>Wie handelt der Kanton, damit f\u00fcr die Betroffenen keine unverschuldeten Folgebelastungen (Betreibungen, Mahnkosten, etc.) entstehen?<\/li>\n\n\n\n<li>Es gibt verschiedene Arbeitslosenkassen im Kanton Solothurn. Das AWA kontrolliert nur die \u00f6ffentliche Arbeitslosenkasse. Gibt es einen Austausch des AWA mit den anderen Arbeitslosenkassen und k\u00f6nnte eine st\u00e4rkere Zusammenarbeit mit der UNIA-Arbeitslosenkasse und der Syna-Arbeitslosenkasse solche Verz\u00f6gerungen in Zukunft verhindern?<\/li>\n\n\n\n<li>Wie kann der Kanton die Unia-Arbeitslosenkasse und die Syna-Arbeitslosenkasse bei der zeitnahen Auszahlung unterst\u00fctzen?<\/li>\n\n\n\n<li>Gem\u00e4ss Informationen ist das Amt f\u00fcr Wirtschaft bei Neupr\u00fcfungen von Arbeitslosengeldern in Verzug. Wie ist hier der aktuelle Stand, welche Massnahmen wurde eingeleitet und wie wird sichergestellt, dass betroffene Personen nicht in finanzielle N\u00f6te geraten?<\/li>\n\n\n\n<li>Wie hoch ist die aktuelle Mehrbelastung der Mitarbeitenden der \u00d6ffentlichen Arbeitslosenkasse und verf\u00fcgt diese \u00fcber gen\u00fcgend Personal, um die Umstellung zu bew\u00e4ltigen?<\/li>\n\n\n\n<li>Ist es korrekt, dass das neue IT-System langsamer und komplizierter in der Verarbeitung ist? Mit wie vielen zus\u00e4tzlichen Stellenprozenten muss zuk\u00fcnftig f\u00fcr die Erledigung der anfallenden Arbeiten gerechnet werden?<\/li>\n\n\n\n<li>Tr\u00e4gt der Bund die Kosten f\u00fcr den Mehraufwand bei der Umstellung der IT auf das neue System sowie die Kosten f\u00fcr allf\u00e4llige zus\u00e4tzliche Mitarbeitende?<\/li>\n<\/ol>\n","protected":false},"template":"","vorstossthema":[15889],"vorstosstyp":[15968],"vorstossstatus":[],"cpt-canton":[1593],"class_list":["post-180626","vorstoesse","type-vorstoesse","status-publish","hentry","vorstossthema-sicurezza-sociale-e-sanita","vorstosstyp-anfrage-it","cpt-canton-soletta"],"_links":{"self":[{"href":"https:\/\/www.sp-ps.ch\/it\/wp-json\/wp\/v2\/vorstoesse\/180626","targetHints":{"allow":["GET"]}}],"collection":[{"href":"https:\/\/www.sp-ps.ch\/it\/wp-json\/wp\/v2\/vorstoesse"}],"about":[{"href":"https:\/\/www.sp-ps.ch\/it\/wp-json\/wp\/v2\/types\/vorstoesse"}],"version-history":[{"count":2,"href":"https:\/\/www.sp-ps.ch\/it\/wp-json\/wp\/v2\/vorstoesse\/180626\/revisions"}],"predecessor-version":[{"id":180635,"href":"https:\/\/www.sp-ps.ch\/it\/wp-json\/wp\/v2\/vorstoesse\/180626\/revisions\/180635"}],"wp:attachment":[{"href":"https:\/\/www.sp-ps.ch\/it\/wp-json\/wp\/v2\/media?parent=180626"}],"wp:term":[{"taxonomy":"vorstossthema","embeddable":true,"href":"https:\/\/www.sp-ps.ch\/it\/wp-json\/wp\/v2\/vorstossthema?post=180626"},{"taxonomy":"vorstosstyp","embeddable":true,"href":"https:\/\/www.sp-ps.ch\/it\/wp-json\/wp\/v2\/vorstosstyp?post=180626"},{"taxonomy":"vorstossstatus","embeddable":true,"href":"https:\/\/www.sp-ps.ch\/it\/wp-json\/wp\/v2\/vorstossstatus?post=180626"},{"taxonomy":"cpt-canton","embeddable":true,"href":"https:\/\/www.sp-ps.ch\/it\/wp-json\/wp\/v2\/cpt-canton?post=180626"}],"curies":[{"name":"wp","href":"https:\/\/api.w.org\/{rel}","templated":true}]}}